{"id":10,"date":"2012-07-02T14:52:29","date_gmt":"2012-07-02T13:52:29","guid":{"rendered":"http:\/\/yogaandco.fr\/site\/?page_id=10"},"modified":"2025-12-31T13:25:33","modified_gmt":"2025-12-31T12:25:33","slug":"tarifs","status":"publish","type":"page","link":"https:\/\/yogaandco.fr\/site\/tarifs\/","title":{"rendered":"Tarifs"},"content":{"rendered":"<p>[vc_row css=\u00a0\u00bb.vc_custom_1625156111773{margin-top: 30px !important;padding-top: 30px !important;}\u00a0\u00bb][vc_column width=\u00a0\u00bb1\/2&Prime;][vc_column_text]<\/p>\n<h1>TARIFS<\/h1>\n<p>[\/vc_column_text][\/vc_column][vc_column width=\u00a0\u00bb1\/2&Prime;][\/vc_column][\/vc_row][vc_row][vc_column width=\u00a0\u00bb1\/3&Prime;][vc_row_inner][vc_column_inner][\/vc_column_inner][\/vc_row_inner][vc_column_text]<\/p>\n<h1>1.<\/h1>\n<h4>JE CHOISIS LA SEANCE OU L&rsquo;ATELIER QUE JE SOUHAITE RESERVER<\/h4>\n<p>&nbsp;<\/p>\n<p>Je vais sur la page \u00ab\u00a0planning et r\u00e9servations\u00a0\u00bb et je clique sur \u00ab\u00a0r\u00e9server\u00a0\u00bb au niveau du cours ou de l&rsquo;atelier qui me convient.<\/p>\n<p>Les soins sont \u00e0 r\u00e9server par t\u00e9l\u00e9phone au 06 45 44 66 81 ou yogaandco@orange.fr<\/p>\n<p>Si je veux offrir un bon cadeau, je contacte directement le 06 45 44 66 81 ou yogaandco@orange.fr.<\/p>\n<p>Les ateliers sont \u00e0 r\u00e9server comme les cours, en ligne sur notre agenda.[\/vc_column_text][\/vc_column][vc_column width=\u00a0\u00bb1\/3&Prime;][vc_column_text]<\/p>\n<h1>2.<\/h1>\n<h4>JE CHOISIS MON ABONNEMENT ET MON MODE DE REGLEMENT<\/h4>\n<p>&nbsp;<\/p>\n<p>Les abonnements sont individuels et nominatifs.<\/p>\n<p>Je choisis l&rsquo;abonnement ou le cours \u00e0 l&rsquo;unit\u00e9.<\/p>\n<p>Je choisis de payer directement en ligne ou sur place en choisissant l&rsquo;option propos\u00e9e.<\/p>\n<p>Les abonnements donnent acc\u00e8s \u00e0 tous les cours de l&rsquo;agenda. Les tarifs des ateliers sont variables et indiqu\u00e9s pour chaque atelier.<\/p>\n<p>Le tarif de cours en ligne donne acc\u00e8s exclusivement aux cours en ligne.[\/vc_column_text][\/vc_column][vc_column width=\u00a0\u00bb1\/3&Prime;][vc_column_text]<\/p>\n<h1>3.<\/h1>\n<h4>JE R\u00c8GLE MON ACTIVIT\u00c9 \/ ATELIER EN LIGNE OU DIRECTEMENT AU STUDIO AVANT MA S\u00c9ANCE<\/h4>\n<p>Nous acceptons les r\u00e8glements directement sur notre site ou sur place par ch\u00e8que, esp\u00e8ces, carte bancaire,\u00a0 coupons sport et ch\u00e8ques vacances ANCV.<\/p>\n<p>Pour le r\u00e8glement des soins individuels et massages, les r\u00e8glements se font directement aupr\u00e8s de l&rsquo;intervenant par ch\u00e8que ou esp\u00e8ces.[\/vc_column_text][\/vc_column][\/vc_row][vc_row full_width=\u00a0\u00bbstretch_row\u00a0\u00bb css=\u00a0\u00bb.vc_custom_1625154818110{padding-top: 30px !important;background-color: rgba(0,94,56,0.16) !important;*background-color: rgb(0,94,56) !important;}\u00a0\u00bb][vc_column width=\u00a0\u00bb1\/2&Prime;][vc_column_text]<\/p>\n<h1>COURS<\/h1>\n<p><strong>Pas d\u2019adh\u00e9sion \u2013\u00a0Tarifs TTC \u2013 TVA 20 % incluse.<\/strong><\/p>\n<p>R\u00e8glement par ch\u00e8que, esp\u00e8ces, carte bancaire, Ch\u00e8ques Vacances ANCV ou Coupons Sport.<\/p>\n<p>Possibilit\u00e9 de payer en plusieurs fois pour les abonnements de 10 cours ou plus.<\/p>\n<p><strong>Tarif r\u00e9duit pour ch\u00f4meurs et \u00e9tudiants, sur pr\u00e9sentation d&rsquo;un justificatif.<\/strong>[\/vc_column_text][\/vc_column][vc_column width=\u00a0\u00bb1\/2&Prime;][\/vc_column][\/vc_row][vc_row full_width=\u00a0\u00bbstretch_row\u00a0\u00bb gap=\u00a0\u00bb20&Prime; equal_height=\u00a0\u00bbyes\u00a0\u00bb content_placement=\u00a0\u00bbmiddle\u00a0\u00bb css=\u00a0\u00bb.vc_custom_1625156522762{background-color: rgba(0,94,56,0.16) !important;*background-color: rgb(0,94,56) !important;}\u00a0\u00bb][vc_column width=\u00a0\u00bb1\/4&Prime; css=\u00a0\u00bb.vc_custom_1625153788457{background-color: #ffffff !important;}\u00a0\u00bb][vc_column_text css=\u00a0\u00bb.vc_custom_1625155554832{padding-top: 20px !important;padding-bottom: 20px !important;}\u00a0\u00bb]<\/p>\n<h3 style=\"text-align: center;\">COURS D&rsquo;ESSAI<\/h3>\n<h4 style=\"text-align: center;\">15\u20ac<\/h4>\n<p>[\/vc_column_text][\/vc_column][vc_column width=\u00a0\u00bb1\/4&Prime; css=\u00a0\u00bb.vc_custom_1625153975052{background-color: #ffffff !important;}\u00a0\u00bb][vc_column_text]<\/p>\n<h3 style=\"text-align: center;\">FORFAIT EXPLORE<\/h3>\n<p style=\"text-align: center;\"><strong>(3 cours en\u00a0 1 mois, sauf ateliers)<\/strong><br \/>\n<strong>R\u00e9serv\u00e9 aux nouveaux \u00e9l\u00e8ves<\/strong><\/p>\n<h3 style=\"text-align: center;\">50\u20ac<\/h3>\n<p>[\/vc_column_text][\/vc_column][vc_column width=\u00a0\u00bb1\/4&Prime; css=\u00a0\u00bb.vc_custom_1625154140988{background-color: #ffffff !important;}\u00a0\u00bb][vc_column_text]<\/p>\n<h3 style=\"text-align: center;\">1 COURS EN LIGNE<\/h3>\n<h3 style=\"text-align: center;\">14\u20ac<\/h3>\n<h4 style=\"text-align: center;\"><\/h4>\n<p>[\/vc_column_text][\/vc_column][\/vc_row][vc_row full_width=\u00a0\u00bbstretch_row\u00a0\u00bb gap=\u00a0\u00bb20&Prime; equal_height=\u00a0\u00bbyes\u00a0\u00bb css=\u00a0\u00bb.vc_custom_1625156531300{background-color: rgba(0,94,56,0.16) !important;*background-color: rgb(0,94,56) !important;}\u00a0\u00bb][vc_column width=\u00a0\u00bb1\/4&Prime; css=\u00a0\u00bb.vc_custom_1625153788457{background-color: #ffffff !important;}\u00a0\u00bb][vc_column_text]<\/p>\n<h3 style=\"text-align: center;\">1 COURS<\/h3>\n<h3 style=\"text-align: center;\">25\u20ac<\/h3>\n<h4 style=\"text-align: center;\"><\/h4>\n<p>[\/vc_column_text][\/vc_column][vc_column width=\u00a0\u00bb1\/4&Prime;][\/vc_column][\/vc_row][vc_row full_width=\u00a0\u00bbstretch_row\u00a0\u00bb gap=\u00a0\u00bb20&Prime; equal_height=\u00a0\u00bbyes\u00a0\u00bb css=\u00a0\u00bb.vc_custom_1625156531300{background-color: rgba(0,94,56,0.16) !important;*background-color: rgb(0,94,56) !important;}\u00a0\u00bb][vc_column width=\u00a0\u00bb1\/4&Prime; css=\u00a0\u00bb.vc_custom_1625153788457{background-color: #ffffff !important;}\u00a0\u00bb][vc_column_text]<\/p>\n<h3 style=\"text-align: center;\">10 COURS AU CHOIX<\/h3>\n<h3 style=\"text-align: center;\">Valable 10 semaines<\/h3>\n<p style=\"text-align: center;\"><strong>(Offre sp\u00e9ciale, sauf ateliers)<\/strong><\/p>\n<h3 style=\"text-align: center;\">180 \u20ac<\/h3>\n<p>&nbsp;[\/vc_column_text][\/vc_column][vc_column width=\u00a0\u00bb1\/4&Prime; css=\u00a0\u00bb.vc_custom_1625153975052{background-color: #ffffff !important;}\u00a0\u00bb][vc_column_text]<\/p>\n<h3 style=\"text-align: center;\">10 COURS AU CHOIX<\/h3>\n<p style=\"text-align: center;\"><strong>(Valable 1 an)<\/strong><\/p>\n<h3 style=\"text-align: center;\">200\u20ac<\/h3>\n<h5 style=\"text-align: center;\"><strong>Tarif r\u00e9duit : 180\u20ac<\/strong><\/h5>\n<p>[\/vc_column_text][\/vc_column][vc_column width=\u00a0\u00bb1\/4&Prime; css=\u00a0\u00bb.vc_custom_1625154360399{background-color: #ffffff !important;}\u00a0\u00bb][vc_column_text]<\/p>\n<h3 style=\"text-align: center;\">30 COURS AU CHOIX<\/h3>\n<p style=\"text-align: center;\"><strong>(Valable 1 an)<\/strong><\/p>\n<h3 style=\"text-align: center;\">520\u20ac<\/h3>\n<h5 style=\"text-align: center;\">Tarif r\u00e9duit : 468\u20ac<\/h5>\n<p>[\/vc_column_text][\/vc_column][\/vc_row][vc_row full_width=\u00a0\u00bbstretch_row\u00a0\u00bb gap=\u00a0\u00bb20&Prime; equal_height=\u00a0\u00bbyes\u00a0\u00bb css=\u00a0\u00bb.vc_custom_1625156540896{padding-bottom: 30px !important;background-color: rgba(0,94,56,0.16) !important;*background-color: rgb(0,94,56) !important;}\u00a0\u00bb][vc_column width=\u00a0\u00bb1\/4&Prime; css=\u00a0\u00bb.vc_custom_1625153788457{background-color: #ffffff !important;}\u00a0\u00bb][vc_column_text]<\/p>\n<h3 style=\"text-align: center;\">1 MOIS ILLIMIT\u00c9<\/h3>\n<p style=\"text-align: center;\"><strong>(Sauf ateliers &#8211; 31 cours maximum de date \u00e0 date)<\/strong><\/p>\n<h3 style=\"text-align: center;\">200\u20ac<\/h3>\n<p>[\/vc_column_text][\/vc_column][vc_column width=\u00a0\u00bb1\/4&Prime; css=\u00a0\u00bb.vc_custom_1625153975052{background-color: #ffffff !important;}\u00a0\u00bb][vc_column_text]<\/p>\n<h3 style=\"text-align: center;\">3 MOIS ILLIMIT\u00c9<\/h3>\n<p style=\"text-align: center;\"><strong>(Sauf ateliers &#8211; 93 cours maximum de date \u00e0 date)<\/strong><\/p>\n<h3 style=\"text-align: center;\">520 \u20ac<\/h3>\n<h5 style=\"text-align: center;\">Tarif r\u00e9duit : 468\u20ac<\/h5>\n<p>[\/vc_column_text][\/vc_column][vc_column width=\u00a0\u00bb1\/4&Prime; css=\u00a0\u00bb.vc_custom_1625155253858{background-color: #2a504d !important;}\u00a0\u00bb][vc_column_text]<\/p>\n<h3 style=\"text-align: center;\"><span style=\"color: #ffffff;\">ATELIERS 2 OU 3H<\/span><\/h3>\n<p style=\"text-align: center;\"><strong><span style=\"color: #ffffff;\">(Hors abonnement)<\/span><\/strong><\/p>\n<h5 style=\"text-align: center;\"><span style=\"color: #ffffff;\">Tarif disponible<br \/>\nsur le programme<br \/>\nde chaque atelier<\/span><\/h5>\n<p>[\/vc_column_text][\/vc_column][vc_column width=\u00a0\u00bb1\/4&Prime;][\/vc_column][\/vc_row][vc_row full_width=\u00a0\u00bbstretch_row\u00a0\u00bb css=\u00a0\u00bb.vc_custom_1625154842534{padding-top: 30px !important;background-color: rgba(255,255,255,0.16) !important;*background-color: rgb(255,255,255) !important;}\u00a0\u00bb][vc_column width=\u00a0\u00bb1\/2&Prime;][vc_column_text]<\/p>\n<h1>SOINS<\/h1>\n<p>[\/vc_column_text][\/vc_column][vc_column width=\u00a0\u00bb1\/2&Prime;][\/vc_column][\/vc_row][vc_row full_width=\u00a0\u00bbstretch_row\u00a0\u00bb gap=\u00a0\u00bb20&Prime; equal_height=\u00a0\u00bbyes\u00a0\u00bb content_placement=\u00a0\u00bbmiddle\u00a0\u00bb][vc_column width=\u00a0\u00bb1\/4&Prime; css=\u00a0\u00bb.vc_custom_1625155676448{background-color: rgba(0,94,56,0.16) !important;*background-color: rgb(0,94,56) !important;}\u00a0\u00bb][vc_column_text css=\u00a0\u00bb.vc_custom_1627069428336{padding-top: 20px !important;padding-bottom: 20px !important;}\u00a0\u00bb]<\/p>\n<h3 style=\"text-align: center;\">Technique Alexander (Gr\u00e9gory)<\/h3>\n<h6 style=\"text-align: center;\">en s\u00e9ance individuelle sur rdv<br \/>\nHors abonnement<\/h6>\n<h4 style=\"text-align: center;\">60\u20ac \/ heure<\/h4>\n<p>[\/vc_column_text][\/vc_column][vc_column width=\u00a0\u00bb1\/4&Prime; css=\u00a0\u00bb.vc_custom_1625155683682{background-color: rgba(0,94,56,0.16) !important;*background-color: rgb(0,94,56) !important;}\u00a0\u00bb][vc_column_text css=\u00a0\u00bb.vc_custom_1750354391640{padding-top: 20px !important;padding-bottom: 20px !important;}\u00a0\u00bb]<\/p>\n<h3 style=\"text-align: center;\">B\u00e9n\u00e9diction de l&rsquo;ut\u00e9rus (Nad\u00e8ge)<\/h3>\n<h6 style=\"text-align: center;\">Sur RDV<br \/>\nHors abonnement<\/h6>\n<h4 style=\"text-align: center;\">60\u20ac \/ heure<\/h4>\n<h6 style=\"text-align: center;\"><\/h6>\n<p>[\/vc_column_text][\/vc_column][vc_column width=\u00a0\u00bb1\/4&Prime; css=\u00a0\u00bb.vc_custom_1625155691490{background-color: rgba(0,94,56,0.16) !important;*background-color: rgb(0,94,56) !important;}\u00a0\u00bb][vc_column_text css=\u00a0\u00bb.vc_custom_1632047967950{padding-top: 20px !important;padding-bottom: 20px !important;}\u00a0\u00bb]<\/p>\n<h3 style=\"text-align: center;\">Cours particulier yoga ou Pilates (Nad\u00e8ge)<\/h3>\n<h6 style=\"text-align: center;\">Sur RDV<br \/>\nHors abonnement<\/h6>\n<h4 style=\"text-align: center;\">S\u00e9ance d&rsquo;une heure : 60 \u20ac<\/h4>\n<h4 style=\"text-align: center;\"><\/h4>\n<p>[\/vc_column_text][\/vc_column][vc_column width=\u00a0\u00bb1\/4&Prime; css=\u00a0\u00bb.vc_custom_1625155708592{background-color: rgba(0,94,56,0.16) !important;*background-color: rgb(0,94,56) !important;}\u00a0\u00bb][vc_column_text css=\u00a0\u00bb.vc_custom_1632047819114{padding-top: 20px !important;padding-bottom: 20px !important;}\u00a0\u00bb]<\/p>\n<h3 style=\"text-align: center;\">Soin \u00e9nerg\u00e9tique, magn\u00e9tisme, reboutement, hypnose, sophrologie (Richard)<\/h3>\n<h6 style=\"text-align: center;\">en s\u00e9ance individuelle sur rdv<br \/>\nHors abonnement<\/h6>\n<h4 style=\"text-align: center;\">60\u20ac<\/h4>\n<p>[\/vc_column_text][\/vc_column][\/vc_row][vc_row full_width=\u00a0\u00bbstretch_row\u00a0\u00bb gap=\u00a0\u00bb20&Prime; equal_height=\u00a0\u00bbyes\u00a0\u00bb content_placement=\u00a0\u00bbmiddle\u00a0\u00bb][vc_column width=\u00a0\u00bb1\/4&Prime; css=\u00a0\u00bb.vc_custom_1625155676448{background-color: rgba(0,94,56,0.16) !important;*background-color: rgb(0,94,56) !important;}\u00a0\u00bb][vc_column_text css=\u00a0\u00bb.vc_custom_1641318874050{padding-top: 20px !important;padding-bottom: 20px !important;}\u00a0\u00bb]<\/p>\n<h3 style=\"text-align: center;\">Yoga du visage<\/h3>\n<h3 style=\"text-align: center;\">(Nad\u00e8ge)<\/h3>\n<h6 style=\"text-align: center;\">Consultation personnalis\u00e9e<\/h6>\n<h4 style=\"text-align: center;\">60\u20ac \/ heure<\/h4>\n<p>[\/vc_column_text][\/vc_column][vc_column width=\u00a0\u00bb1\/4&Prime; css=\u00a0\u00bb.vc_custom_1625155683682{background-color: rgba(0,94,56,0.16) !important;*background-color: rgb(0,94,56) !important;}\u00a0\u00bb][vc_column_text css=\u00a0\u00bb.vc_custom_1662106295801{padding-top: 20px !important;padding-bottom: 20px !important;}\u00a0\u00bb]<\/p>\n<h3 style=\"text-align: center;\">M\u00e9thode Feldenkrais<\/h3>\n<h3 style=\"text-align: center;\">\u00a0(Virginie)<\/h3>\n<h6 style=\"text-align: center;\">Le\u00e7on individuelle<\/h6>\n<h4 style=\"text-align: center;\">60\u20ac \/ heure<\/h4>\n<h6 style=\"text-align: center;\"><\/h6>\n<p>[\/vc_column_text][\/vc_column][vc_column width=\u00a0\u00bb1\/4&Prime;][\/vc_column][vc_column width=\u00a0\u00bb1\/4&Prime;][\/vc_column][\/vc_row][vc_row][vc_column][vc_empty_space height=\u00a0\u00bb40px\u00a0\u00bb][\/vc_column][\/vc_row]<\/p>\n","protected":false},"excerpt":{"rendered":"<p>[vc_row css=\u00a0\u00bb.vc_custom_1625156111773{margin-top: 30px !important;padding-top: 30px !important;}\u00a0\u00bb][vc_column width=\u00a0\u00bb1\/2&Prime;][vc_column_text] TARIFS [\/vc_column_text][\/vc_column][vc_column width=\u00a0\u00bb1\/2&Prime;][\/vc_column][\/vc_row][vc_row][vc_column width=\u00a0\u00bb1\/3&Prime;][vc_row_inner][vc_column_inner][\/vc_column_inner][\/vc_row_inner][vc_column_text] 1. JE CHOISIS LA SEANCE OU L&rsquo;ATELIER QUE JE SOUHAITE RESERVER &nbsp; Je vais sur la page \u00ab\u00a0planning et r\u00e9servations\u00a0\u00bb et je clique sur \u00ab\u00a0r\u00e9server\u00a0\u00bb au niveau du cours ou de l&rsquo;atelier qui me convient. Les soins sont \u00e0 r\u00e9server par t\u00e9l\u00e9phone au 06 &hellip;<\/p>\n<p class=\"read-more\"> <a class=\"\" href=\"https:\/\/yogaandco.fr\/site\/tarifs\/\"> <span class=\"screen-reader-text\">Tarifs<\/span> Lire la suite\u00a0\u00bb<\/a><\/p>\n","protected":false},"author":1,"featured_media":0,"parent":0,"menu_order":0,"comment_status":"closed","ping_status":"closed","template":"","meta":{"_monsterinsights_skip_tracking":false,"_monsterinsights_sitenote_active":false,"_monsterinsights_sitenote_note":"","_monsterinsights_sitenote_category":0,"footnotes":""},"class_list":["post-10","page","type-page","status-publish","hentry"],"yoast_head":"<!-- This site is optimized with the Yoast SEO plugin v16.8 - https:\/\/yoast.com\/wordpress\/plugins\/seo\/ -->\n<title>Tarifs - Yoga &amp; co<\/title>\n<meta name=\"robots\" content=\"index, follow, max-snippet:-1, max-image-preview:large, max-video-preview:-1\" \/>\n<link rel=\"canonical\" href=\"https:\/\/yogaandco.fr\/site\/tarifs\/\" \/>\n<meta property=\"og:locale\" content=\"fr_FR\" \/>\n<meta property=\"og:type\" content=\"article\" \/>\n<meta property=\"og:title\" content=\"Tarifs - Yoga &amp; co\" \/>\n<meta property=\"og:description\" content=\"[vc_row css=\u00a0\u00bb.vc_custom_1625156111773{margin-top: 30px !important;padding-top: 30px !important;}\u00a0\u00bb][vc_column width=\u00a0\u00bb1\/2&Prime;][vc_column_text] TARIFS [\/vc_column_text][\/vc_column][vc_column width=\u00a0\u00bb1\/2&Prime;][\/vc_column][\/vc_row][vc_row][vc_column width=\u00a0\u00bb1\/3&Prime;][vc_row_inner][vc_column_inner][\/vc_column_inner][\/vc_row_inner][vc_column_text] 1. JE CHOISIS LA SEANCE OU L&rsquo;ATELIER QUE JE SOUHAITE RESERVER &nbsp; Je vais sur la page \u00ab\u00a0planning et r\u00e9servations\u00a0\u00bb et je clique sur \u00ab\u00a0r\u00e9server\u00a0\u00bb au niveau du cours ou de l&rsquo;atelier qui me convient. Les soins sont \u00e0 r\u00e9server par t\u00e9l\u00e9phone au 06 &hellip; Tarifs Lire la suite\u00a0\u00bb\" \/>\n<meta property=\"og:url\" content=\"https:\/\/yogaandco.fr\/site\/tarifs\/\" \/>\n<meta property=\"og:site_name\" content=\"Yoga &amp; co\" \/>\n<meta property=\"article:modified_time\" content=\"2025-12-31T12:25:33+00:00\" \/>\n<meta name=\"twitter:label1\" content=\"Dur\u00e9e de lecture est.\" \/>\n\t<meta name=\"twitter:data1\" content=\"3 minutes\" \/>\n<script type=\"application\/ld+json\" class=\"yoast-schema-graph\">{\"@context\":\"https:\/\/schema.org\",\"@graph\":[{\"@type\":\"WebSite\",\"@id\":\"https:\/\/yogaandco.fr\/site\/#website\",\"url\":\"https:\/\/yogaandco.fr\/site\/\",\"name\":\"Yoga &amp; co\",\"description\":\"Yoga pour tous\",\"potentialAction\":[{\"@type\":\"SearchAction\",\"target\":{\"@type\":\"EntryPoint\",\"urlTemplate\":\"https:\/\/yogaandco.fr\/site\/?s={search_term_string}\"},\"query-input\":\"required name=search_term_string\"}],\"inLanguage\":\"fr-FR\"},{\"@type\":\"WebPage\",\"@id\":\"https:\/\/yogaandco.fr\/site\/tarifs\/#webpage\",\"url\":\"https:\/\/yogaandco.fr\/site\/tarifs\/\",\"name\":\"Tarifs - Yoga &amp; co\",\"isPartOf\":{\"@id\":\"https:\/\/yogaandco.fr\/site\/#website\"},\"datePublished\":\"2012-07-02T13:52:29+00:00\",\"dateModified\":\"2025-12-31T12:25:33+00:00\",\"breadcrumb\":{\"@id\":\"https:\/\/yogaandco.fr\/site\/tarifs\/#breadcrumb\"},\"inLanguage\":\"fr-FR\",\"potentialAction\":[{\"@type\":\"ReadAction\",\"target\":[\"https:\/\/yogaandco.fr\/site\/tarifs\/\"]}]},{\"@type\":\"BreadcrumbList\",\"@id\":\"https:\/\/yogaandco.fr\/site\/tarifs\/#breadcrumb\",\"itemListElement\":[{\"@type\":\"ListItem\",\"position\":1,\"name\":\"Accueil\",\"item\":\"https:\/\/yogaandco.fr\/site\/\"},{\"@type\":\"ListItem\",\"position\":2,\"name\":\"Tarifs\"}]}]}<\/script>\n<!-- \/ Yoast SEO plugin. -->","yoast_head_json":{"title":"Tarifs - Yoga &amp; co","robots":{"index":"index","follow":"follow","max-snippet":"max-snippet:-1","max-image-preview":"max-image-preview:large","max-video-preview":"max-video-preview:-1"},"canonical":"https:\/\/yogaandco.fr\/site\/tarifs\/","og_locale":"fr_FR","og_type":"article","og_title":"Tarifs - Yoga &amp; co","og_description":"[vc_row css=\u00a0\u00bb.vc_custom_1625156111773{margin-top: 30px !important;padding-top: 30px !important;}\u00a0\u00bb][vc_column width=\u00a0\u00bb1\/2&Prime;][vc_column_text] TARIFS [\/vc_column_text][\/vc_column][vc_column width=\u00a0\u00bb1\/2&Prime;][\/vc_column][\/vc_row][vc_row][vc_column width=\u00a0\u00bb1\/3&Prime;][vc_row_inner][vc_column_inner][\/vc_column_inner][\/vc_row_inner][vc_column_text] 1. JE CHOISIS LA SEANCE OU L&rsquo;ATELIER QUE JE SOUHAITE RESERVER &nbsp; Je vais sur la page \u00ab\u00a0planning et r\u00e9servations\u00a0\u00bb et je clique sur \u00ab\u00a0r\u00e9server\u00a0\u00bb au niveau du cours ou de l&rsquo;atelier qui me convient. Les soins sont \u00e0 r\u00e9server par t\u00e9l\u00e9phone au 06 &hellip; Tarifs Lire la suite\u00a0\u00bb","og_url":"https:\/\/yogaandco.fr\/site\/tarifs\/","og_site_name":"Yoga &amp; co","article_modified_time":"2025-12-31T12:25:33+00:00","twitter_misc":{"Dur\u00e9e de lecture est.":"3 minutes"},"schema":{"@context":"https:\/\/schema.org","@graph":[{"@type":"WebSite","@id":"https:\/\/yogaandco.fr\/site\/#website","url":"https:\/\/yogaandco.fr\/site\/","name":"Yoga &amp; co","description":"Yoga pour tous","potentialAction":[{"@type":"SearchAction","target":{"@type":"EntryPoint","urlTemplate":"https:\/\/yogaandco.fr\/site\/?s={search_term_string}"},"query-input":"required name=search_term_string"}],"inLanguage":"fr-FR"},{"@type":"WebPage","@id":"https:\/\/yogaandco.fr\/site\/tarifs\/#webpage","url":"https:\/\/yogaandco.fr\/site\/tarifs\/","name":"Tarifs - Yoga &amp; co","isPartOf":{"@id":"https:\/\/yogaandco.fr\/site\/#website"},"datePublished":"2012-07-02T13:52:29+00:00","dateModified":"2025-12-31T12:25:33+00:00","breadcrumb":{"@id":"https:\/\/yogaandco.fr\/site\/tarifs\/#breadcrumb"},"inLanguage":"fr-FR","potentialAction":[{"@type":"ReadAction","target":["https:\/\/yogaandco.fr\/site\/tarifs\/"]}]},{"@type":"BreadcrumbList","@id":"https:\/\/yogaandco.fr\/site\/tarifs\/#breadcrumb","itemListElement":[{"@type":"ListItem","position":1,"name":"Accueil","item":"https:\/\/yogaandco.fr\/site\/"},{"@type":"ListItem","position":2,"name":"Tarifs"}]}]}},"_links":{"self":[{"href":"https:\/\/yogaandco.fr\/site\/wp-json\/wp\/v2\/pages\/10"}],"collection":[{"href":"https:\/\/yogaandco.fr\/site\/wp-json\/wp\/v2\/pages"}],"about":[{"href":"https:\/\/yogaandco.fr\/site\/wp-json\/wp\/v2\/types\/page"}],"author":[{"embeddable":true,"href":"https:\/\/yogaandco.fr\/site\/wp-json\/wp\/v2\/users\/1"}],"replies":[{"embeddable":true,"href":"https:\/\/yogaandco.fr\/site\/wp-json\/wp\/v2\/comments?post=10"}],"version-history":[{"count":78,"href":"https:\/\/yogaandco.fr\/site\/wp-json\/wp\/v2\/pages\/10\/revisions"}],"predecessor-version":[{"id":13367,"href":"https:\/\/yogaandco.fr\/site\/wp-json\/wp\/v2\/pages\/10\/revisions\/13367"}],"wp:attachment":[{"href":"https:\/\/yogaandco.fr\/site\/wp-json\/wp\/v2\/media?parent=10"}],"curies":[{"name":"wp","href":"https:\/\/api.w.org\/{rel}","templated":true}]}}