{"id":2282,"date":"2013-04-15T10:27:40","date_gmt":"2013-04-15T09:27:40","guid":{"rendered":"http:\/\/yogaandco.fr\/site\/?page_id=2282"},"modified":"2025-12-07T14:39:39","modified_gmt":"2025-12-07T13:39:39","slug":"premiere-fois","status":"publish","type":"page","link":"https:\/\/yogaandco.fr\/site\/premiere-fois\/","title":{"rendered":"PREMIERE FOIS ?"},"content":{"rendered":"<p>[vc_row css=\u00a0\u00bb.vc_custom_1625129159928{margin-top: 30px !important;padding-top: 30px !important;padding-bottom: 30px !important;}\u00a0\u00bb][vc_column width=\u00a0\u00bb1\/2&Prime;][vc_column_text]<\/p>\n<h1 style=\"text-align: left;\"><strong>PREMI\u00c8RE FOIS ?<\/strong><\/h1>\n<p>[\/vc_column_text][\/vc_column][vc_column width=\u00a0\u00bb1\/2&Prime;][vc_column_text]Nous avons rassembl\u00e9 ici les questions que vous nous posez en majorit\u00e9. Si vous ne trouvez pas votre r\u00e9ponse ici, n&rsquo;h\u00e9sitez pas \u00e0 nous contacter ![\/vc_column_text][vc_btn title=\u00a0\u00bbCONTACT\u00a0\u00bb style=\u00a0\u00bboutline-custom\u00a0\u00bb outline_custom_color=\u00a0\u00bb#2a504d\u00a0\u00bb outline_custom_hover_background=\u00a0\u00bb#2a504d\u00a0\u00bb outline_custom_hover_text=\u00a0\u00bb#ffffff\u00a0\u00bb shape=\u00a0\u00bbsquare\u00a0\u00bb size=\u00a0\u00bbsm\u00a0\u00bb link=\u00a0\u00bburl:http%3A%2F%2Fyogaandco.fr\/site%2F%3Fpage_id%3D12|title:Contact\u00a0\u00bb][\/vc_column][\/vc_row][vc_row full_width=\u00a0\u00bbstretch_row\u00a0\u00bb css=\u00a0\u00bb.vc_custom_1689257037806{background-color: rgba(0,94,56,0.16) !important;*background-color: rgb(0,94,56) !important;}\u00a0\u00bb][vc_column][vc_toggle title=\u00a0\u00bbCOURS D\u2019ESSAI : COMMENT FAIRE ?\u00a0\u00bb]<\/p>\n<p style=\"text-align: left;\">Il est possible de b\u00e9n\u00e9ficier d&rsquo;un cours d\u2019essai \u00e0 <strong>15 \u20ac.<\/strong><br \/>\nUn seul cours d\u2019essai par personne.<br \/>\nLes inscriptions ne se font pas par t\u00e9l\u00e9phone, mais en r\u00e9servant sur l\u2019agenda en ligne.[\/vc_toggle][vc_separator color=\u00a0\u00bbwhite\u00a0\u00bb][vc_toggle title=\u00a0\u00bbJE SUIS D\u00c9BUTANT\u00a0\u00bb]Bienvenue ! Vous pouvez d\u00e9buter \u00e0 tout moment de l&rsquo;ann\u00e9e ! Venez \u00e0 un cours sp\u00e9cialement indiqu\u00e9 \u00ab d\u00e9butants \u00bb ou \u00ab tous niveaux \u00bb sur le planning. Indiquez bien au professeur en d\u00e9but de s\u00e9ance que vous d\u00e9butez et informez-le de vos \u00e9ventuels probl\u00e8mes de sant\u00e9. Nous vous accompagnerons pas \u00e0 pas.[\/vc_toggle][vc_separator color=\u00a0\u00bbwhite\u00a0\u00bb][vc_toggle title=\u00a0\u00bbCOMMENT RESERVER ?\u00a0\u00bb]<\/p>\n<p style=\"text-align: left;\">Rendez vous sur la page planning !\u00a0 En cliquant sur l&rsquo;ic\u00f4ne \u00ab\u00a0maison\u00a0\u00bb ou \u00ab\u00a0personnage\u00a0\u00bb des pages Accueil et Planning, vous avez directement acc\u00e8s \u00e0 votre compte de r\u00e9servation. Un email de confirmation vous indiquera que vous \u00eates bien attendu.<\/p>\n<p style=\"text-align: left;\">Si vous avez r\u00e9serv\u00e9 un cours en ligne, le lien Zoom arrivera 30 minutes avant le d\u00e9but de la s\u00e9ance, par email (regardez vos spams !)<\/p>\n<p style=\"text-align: left;\">En cas d\u2019emp\u00eachement, vous pouvez annuler votre r\u00e9servation jusqu\u2019\u00e0 6 heures avant le cours, en passant encore une fois par le site de r\u00e9servation. Toute annulation se faisant moins de 6 heures avant le d\u00e9but de la s\u00e9ance est d\u00e9compt\u00e9e. En cas de retard, merci de nous pr\u00e9venir au 01 42 09 20 78.<\/p>\n<p style=\"text-align: left;\"><strong>Les inscriptions ne se font pas par t\u00e9l\u00e9phone, mais en r\u00e9servant sur l\u2019agenda en ligne.<\/strong><\/p>\n<p>[\/vc_toggle][vc_separator color=\u00a0\u00bbwhite\u00a0\u00bb][vc_toggle title=\u00a0\u00bbR\u00c9GLER MON COURS\u00a0\u00bb]<\/p>\n<p style=\"text-align: left;\">Le r\u00e8glement se fait sur place avant le d\u00e9but du cours, soit sur place, soit en ligne.<\/p>\n<p style=\"text-align: left;\">Si vous prenez un abonnement, quel qu\u2019il soit, vous pouvez changer de cours, de professeur, d\u2019activit\u00e9 et vous inscrire\u00a0quand vous le souhaitez.<\/p>\n<p>[\/vc_toggle][vc_separator color=\u00a0\u00bbwhite\u00a0\u00bb][vc_toggle title=\u00a0\u00bbBESOIN D\u2019UN CONSEIL ?\u00a0\u00bb]<\/p>\n<p style=\"text-align: left;\">Si vous n\u2019avez aucune id\u00e9e de l\u2019activit\u00e9 qui pourrait vous convenir, si vous avez un objectif particulier \u00e0 r\u00e9aliser, si vous avez des probl\u00e8mes de sant\u00e9 \u00e0 r\u00e9soudre, nous pouvons vous conseiller sur la\/les activit\u00e9(s) qui pourrai(en)t vous convenir le mieux et \u00e0 quel rythme.\u00a0 Cet entretien \u00ab coaching \u00bb se fait sur rendez-vous aupr\u00e8s de Nad\u00e8ge (entretien t\u00e9l\u00e9phonique possible).<\/p>\n<p style=\"text-align: left;\">Contactez-la directement au 01 42 09 20 78<\/p>\n<p>[\/vc_toggle][vc_separator color=\u00a0\u00bbwhite\u00a0\u00bb][vc_toggle title=\u00a0\u00bbQUE DOIS-JE APPORTER ?\u00a0\u00bb]<\/p>\n<p style=\"text-align: left;\">Venez \u00a05\u00a0 minutes avant le d\u00e9but du cours. Apportez une tenue confortable (pantalon \u00e0 taille \u00e9lastique, tee-shirt ou sweat, chaussettes).<\/p>\n<p style=\"text-align: left;\">Par mesure d&rsquo;hygi\u00e8ne, merci d&rsquo;apporter votre tapis ou un tissu\/serviette pour recouvrir enti\u00e8rement le tapis que nous vous pr\u00eatons.<\/p>\n<p style=\"text-align: left;\">Si besoin est, 2 vestiaires sont \u00e0 votre disposition, ainsi qu\u2019une douche.<\/p>\n<p>[\/vc_toggle][vc_separator color=\u00a0\u00bbwhite\u00a0\u00bb][vc_toggle title=\u00a0\u00bbCOMMENT M\u2019HABILLER ?\u00a0\u00bb]<\/p>\n<p style=\"text-align: left;\">Apportez une tenue confortable (pantalon \u00e0 taille \u00e9lastique, tee-shirt ou sweat, chaussettes).<\/p>\n<p style=\"text-align: left;\">Par mesure d&rsquo;hygi\u00e8ne, merci d&rsquo;apporter votre tapis ou un tissu\/serviette pour recouvrir enti\u00e8rement le tapis que nous vous pr\u00eatons.<\/p>\n<p style=\"text-align: left;\">Si besoin est, 2 vestiaires sont \u00e0 votre disposition, ainsi qu\u2019une douche.<\/p>\n<p>[\/vc_toggle][vc_separator color=\u00a0\u00bbwhite\u00a0\u00bb][vc_toggle title=\u00a0\u00bb\u00c0 QUELLE HEURE ARRIVER ?\u00a0\u00bb]Venez \u00a05 \u00e0 10\u00a0 minutes avant le d\u00e9but du cours, pour prendre le temps de vous changer, de partager avec le professeur, et de vous installer tranquillement sur le tapis. Les s\u00e9ances d\u00e9butent \u00e0 l&rsquo;heure pr\u00e9vue sur le planning.[\/vc_toggle][vc_separator color=\u00a0\u00bbwhite\u00a0\u00bb][vc_toggle title=\u00a0\u00bbSI JE SUIS EN RETARD OU ABSENT\u00a0\u00bb]Si vous \u00eates en retard, merci de nous pr\u00e9venir au 06 45 44 66 81 afin que l&rsquo;on vous attende.<\/p>\n<p>Si vous \u00eates absent.e, vous pouvez annuler directement votre s\u00e9ance sur le planning. Jusqu&rsquo;\u00e0 6 heures avant le d\u00e9but de la s\u00e9ance, vous serez recr\u00e9dit\u00e9.e de celle-ci. Moins de 6 heures avant le d\u00e9but de la s\u00e9ance, celle-ci reste due.[\/vc_toggle][vc_separator color=\u00a0\u00bbwhite\u00a0\u00bb][vc_toggle title=\u00a0\u00bbJ\u2019AI UN PROBLEME DE SANTE\u00a0\u00bb]<\/p>\n<p style=\"text-align: left;\">Un certificat m\u00e9dical vous sera demand\u00e9 lors de votre inscription au centre. Il faudra le fournir dans les 2 mois suivant cette inscription.<\/p>\n<p style=\"text-align: left;\">Cependant, il est imp\u00e9ratif de signaler avant le d\u00e9but du cours \u00e0 votre professeur tout probl\u00e8me de sant\u00e9, qu\u2019il soit chronique ou non.<\/p>\n<p>[\/vc_toggle][vc_separator color=\u00a0\u00bbwhite\u00a0\u00bb][vc_toggle title=\u00a0\u00bbJE SUIS ENCEINTE\u00a0\u00bb]<\/p>\n<p style=\"text-align: left;\">Les femmes enceintes, m\u00eame en d\u00e9but de grossesse, doivent participer aux cours qui leur sont sp\u00e9cifiquement d\u00e9di\u00e9s, \u00e0 savoir le yoga pr\u00e9natal. Elles sont aussi bienvenues aux s\u00e9ances de yin yoga, yoga nidra, m\u00e9ditation, yoga doux, yoga du visage, et m\u00e9thode Feldenkrais, en nous sp\u00e9cifiant bien avant le d\u00e9but du cours de leur \u00e9tat de grossesse.<\/p>\n<p>La m\u00e9thode Pilates n&rsquo;est pas accessible aux femmes enceintes mais recommand\u00e9e apr\u00e8s la r\u00e9\u00e9ducation du p\u00e9rin\u00e9e et avec l&rsquo;accord de votre m\u00e9decin.<\/p>\n<p>N&rsquo;h\u00e9sitez pas \u00e0 nous demander conseil ![\/vc_toggle][vc_separator color=\u00a0\u00bbwhite\u00a0\u00bb][vc_toggle title=\u00a0\u00bbJ\u2019AI UNE AUTRE QUESTION\u00a0\u00bb]N&rsquo;h\u00e9sitez pas \u00e0 contacter Nad\u00e8ge au 01 42 09 20 78 ou yogaandco@orange.fr.<\/p>\n<p>Celle-ci vous r\u00e9pondra sous les meilleurs d\u00e9lais.[\/vc_toggle][\/vc_column][\/vc_row]<\/p>\n","protected":false},"excerpt":{"rendered":"<p>[vc_row css=\u00a0\u00bb.vc_custom_1625129159928{margin-top: 30px !important;padding-top: 30px !important;padding-bottom: 30px !important;}\u00a0\u00bb][vc_column width=\u00a0\u00bb1\/2&Prime;][vc_column_text] PREMI\u00c8RE FOIS ? [\/vc_column_text][\/vc_column][vc_column width=\u00a0\u00bb1\/2&Prime;][vc_column_text]Nous avons rassembl\u00e9 ici les questions que vous nous posez en majorit\u00e9. Si vous ne trouvez pas votre r\u00e9ponse ici, n&rsquo;h\u00e9sitez pas \u00e0 nous contacter ![\/vc_column_text][vc_btn title=\u00a0\u00bbCONTACT\u00a0\u00bb style=\u00a0\u00bboutline-custom\u00a0\u00bb outline_custom_color=\u00a0\u00bb#2a504d\u00a0\u00bb outline_custom_hover_background=\u00a0\u00bb#2a504d\u00a0\u00bb outline_custom_hover_text=\u00a0\u00bb#ffffff\u00a0\u00bb shape=\u00a0\u00bbsquare\u00a0\u00bb size=\u00a0\u00bbsm\u00a0\u00bb link=\u00a0\u00bburl:http%3A%2F%2Fyogaandco.fr\/site%2F%3Fpage_id%3D12|title:Contact\u00a0\u00bb][\/vc_column][\/vc_row][vc_row full_width=\u00a0\u00bbstretch_row\u00a0\u00bb css=\u00a0\u00bb.vc_custom_1689257037806{background-color: rgba(0,94,56,0.16) !important;*background-color: rgb(0,94,56) !important;}\u00a0\u00bb][vc_column][vc_toggle title=\u00a0\u00bbCOURS D\u2019ESSAI &hellip;<\/p>\n<p class=\"read-more\"> <a class=\"\" href=\"https:\/\/yogaandco.fr\/site\/premiere-fois\/\"> <span class=\"screen-reader-text\">PREMIERE FOIS ?<\/span> Lire la suite\u00a0\u00bb<\/a><\/p>\n","protected":false},"author":2,"featured_media":0,"parent":0,"menu_order":0,"comment_status":"closed","ping_status":"closed","template":"","meta":{"_monsterinsights_skip_tracking":false,"_monsterinsights_sitenote_active":false,"_monsterinsights_sitenote_note":"","_monsterinsights_sitenote_category":0,"footnotes":""},"class_list":["post-2282","page","type-page","status-publish","hentry"],"yoast_head":"<!-- This site is optimized with the Yoast SEO plugin v16.8 - https:\/\/yoast.com\/wordpress\/plugins\/seo\/ -->\n<title>PREMIERE FOIS ? - Yoga &amp; co<\/title>\n<meta name=\"robots\" content=\"index, follow, max-snippet:-1, max-image-preview:large, max-video-preview:-1\" \/>\n<link rel=\"canonical\" href=\"https:\/\/yogaandco.fr\/site\/premiere-fois\/\" \/>\n<meta property=\"og:locale\" content=\"fr_FR\" \/>\n<meta property=\"og:type\" content=\"article\" \/>\n<meta property=\"og:title\" content=\"PREMIERE FOIS ? - Yoga &amp; co\" \/>\n<meta property=\"og:description\" content=\"[vc_row css=\u00a0\u00bb.vc_custom_1625129159928{margin-top: 30px !important;padding-top: 30px !important;padding-bottom: 30px !important;}\u00a0\u00bb][vc_column width=\u00a0\u00bb1\/2&Prime;][vc_column_text] PREMI\u00c8RE FOIS ? [\/vc_column_text][\/vc_column][vc_column width=\u00a0\u00bb1\/2&Prime;][vc_column_text]Nous avons rassembl\u00e9 ici les questions que vous nous posez en majorit\u00e9. Si vous ne trouvez pas votre r\u00e9ponse ici, n&rsquo;h\u00e9sitez pas \u00e0 nous contacter ![\/vc_column_text][vc_btn title=\u00a0\u00bbCONTACT\u00a0\u00bb style=\u00a0\u00bboutline-custom\u00a0\u00bb outline_custom_color=\u00a0\u00bb#2a504d\u00a0\u00bb outline_custom_hover_background=\u00a0\u00bb#2a504d\u00a0\u00bb outline_custom_hover_text=\u00a0\u00bb#ffffff\u00a0\u00bb shape=\u00a0\u00bbsquare\u00a0\u00bb size=\u00a0\u00bbsm\u00a0\u00bb link=\u00a0\u00bburl:http%3A%2F%2Fyogaandco.fr\/site%2F%3Fpage_id%3D12|title:Contact\u00a0\u00bb][\/vc_column][\/vc_row][vc_row full_width=\u00a0\u00bbstretch_row\u00a0\u00bb css=\u00a0\u00bb.vc_custom_1689257037806{background-color: rgba(0,94,56,0.16) !important;*background-color: rgb(0,94,56) !important;}\u00a0\u00bb][vc_column][vc_toggle title=\u00a0\u00bbCOURS D\u2019ESSAI &hellip; PREMIERE FOIS ? Lire la suite\u00a0\u00bb\" \/>\n<meta property=\"og:url\" content=\"https:\/\/yogaandco.fr\/site\/premiere-fois\/\" \/>\n<meta property=\"og:site_name\" content=\"Yoga &amp; co\" \/>\n<meta property=\"article:modified_time\" content=\"2025-12-07T13:39:39+00:00\" \/>\n<meta name=\"twitter:label1\" content=\"Dur\u00e9e de lecture est.\" \/>\n\t<meta name=\"twitter:data1\" content=\"4 minutes\" \/>\n<script type=\"application\/ld+json\" class=\"yoast-schema-graph\">{\"@context\":\"https:\/\/schema.org\",\"@graph\":[{\"@type\":\"WebSite\",\"@id\":\"https:\/\/yogaandco.fr\/site\/#website\",\"url\":\"https:\/\/yogaandco.fr\/site\/\",\"name\":\"Yoga &amp; co\",\"description\":\"Yoga pour tous\",\"potentialAction\":[{\"@type\":\"SearchAction\",\"target\":{\"@type\":\"EntryPoint\",\"urlTemplate\":\"https:\/\/yogaandco.fr\/site\/?s={search_term_string}\"},\"query-input\":\"required name=search_term_string\"}],\"inLanguage\":\"fr-FR\"},{\"@type\":\"WebPage\",\"@id\":\"https:\/\/yogaandco.fr\/site\/premiere-fois\/#webpage\",\"url\":\"https:\/\/yogaandco.fr\/site\/premiere-fois\/\",\"name\":\"PREMIERE FOIS ? - Yoga &amp; co\",\"isPartOf\":{\"@id\":\"https:\/\/yogaandco.fr\/site\/#website\"},\"datePublished\":\"2013-04-15T09:27:40+00:00\",\"dateModified\":\"2025-12-07T13:39:39+00:00\",\"breadcrumb\":{\"@id\":\"https:\/\/yogaandco.fr\/site\/premiere-fois\/#breadcrumb\"},\"inLanguage\":\"fr-FR\",\"potentialAction\":[{\"@type\":\"ReadAction\",\"target\":[\"https:\/\/yogaandco.fr\/site\/premiere-fois\/\"]}]},{\"@type\":\"BreadcrumbList\",\"@id\":\"https:\/\/yogaandco.fr\/site\/premiere-fois\/#breadcrumb\",\"itemListElement\":[{\"@type\":\"ListItem\",\"position\":1,\"name\":\"Accueil\",\"item\":\"https:\/\/yogaandco.fr\/site\/\"},{\"@type\":\"ListItem\",\"position\":2,\"name\":\"PREMIERE FOIS ?\"}]}]}<\/script>\n<!-- \/ Yoast SEO plugin. -->","yoast_head_json":{"title":"PREMIERE FOIS ? - Yoga &amp; co","robots":{"index":"index","follow":"follow","max-snippet":"max-snippet:-1","max-image-preview":"max-image-preview:large","max-video-preview":"max-video-preview:-1"},"canonical":"https:\/\/yogaandco.fr\/site\/premiere-fois\/","og_locale":"fr_FR","og_type":"article","og_title":"PREMIERE FOIS ? - Yoga &amp; co","og_description":"[vc_row css=\u00a0\u00bb.vc_custom_1625129159928{margin-top: 30px !important;padding-top: 30px !important;padding-bottom: 30px !important;}\u00a0\u00bb][vc_column width=\u00a0\u00bb1\/2&Prime;][vc_column_text] PREMI\u00c8RE FOIS ? [\/vc_column_text][\/vc_column][vc_column width=\u00a0\u00bb1\/2&Prime;][vc_column_text]Nous avons rassembl\u00e9 ici les questions que vous nous posez en majorit\u00e9. Si vous ne trouvez pas votre r\u00e9ponse ici, n&rsquo;h\u00e9sitez pas \u00e0 nous contacter ![\/vc_column_text][vc_btn title=\u00a0\u00bbCONTACT\u00a0\u00bb style=\u00a0\u00bboutline-custom\u00a0\u00bb outline_custom_color=\u00a0\u00bb#2a504d\u00a0\u00bb outline_custom_hover_background=\u00a0\u00bb#2a504d\u00a0\u00bb outline_custom_hover_text=\u00a0\u00bb#ffffff\u00a0\u00bb shape=\u00a0\u00bbsquare\u00a0\u00bb size=\u00a0\u00bbsm\u00a0\u00bb link=\u00a0\u00bburl:http%3A%2F%2Fyogaandco.fr\/site%2F%3Fpage_id%3D12|title:Contact\u00a0\u00bb][\/vc_column][\/vc_row][vc_row full_width=\u00a0\u00bbstretch_row\u00a0\u00bb css=\u00a0\u00bb.vc_custom_1689257037806{background-color: rgba(0,94,56,0.16) !important;*background-color: rgb(0,94,56) !important;}\u00a0\u00bb][vc_column][vc_toggle title=\u00a0\u00bbCOURS D\u2019ESSAI &hellip; PREMIERE FOIS ? Lire la suite\u00a0\u00bb","og_url":"https:\/\/yogaandco.fr\/site\/premiere-fois\/","og_site_name":"Yoga &amp; co","article_modified_time":"2025-12-07T13:39:39+00:00","twitter_misc":{"Dur\u00e9e de lecture est.":"4 minutes"},"schema":{"@context":"https:\/\/schema.org","@graph":[{"@type":"WebSite","@id":"https:\/\/yogaandco.fr\/site\/#website","url":"https:\/\/yogaandco.fr\/site\/","name":"Yoga &amp; co","description":"Yoga pour tous","potentialAction":[{"@type":"SearchAction","target":{"@type":"EntryPoint","urlTemplate":"https:\/\/yogaandco.fr\/site\/?s={search_term_string}"},"query-input":"required name=search_term_string"}],"inLanguage":"fr-FR"},{"@type":"WebPage","@id":"https:\/\/yogaandco.fr\/site\/premiere-fois\/#webpage","url":"https:\/\/yogaandco.fr\/site\/premiere-fois\/","name":"PREMIERE FOIS ? - Yoga &amp; co","isPartOf":{"@id":"https:\/\/yogaandco.fr\/site\/#website"},"datePublished":"2013-04-15T09:27:40+00:00","dateModified":"2025-12-07T13:39:39+00:00","breadcrumb":{"@id":"https:\/\/yogaandco.fr\/site\/premiere-fois\/#breadcrumb"},"inLanguage":"fr-FR","potentialAction":[{"@type":"ReadAction","target":["https:\/\/yogaandco.fr\/site\/premiere-fois\/"]}]},{"@type":"BreadcrumbList","@id":"https:\/\/yogaandco.fr\/site\/premiere-fois\/#breadcrumb","itemListElement":[{"@type":"ListItem","position":1,"name":"Accueil","item":"https:\/\/yogaandco.fr\/site\/"},{"@type":"ListItem","position":2,"name":"PREMIERE FOIS ?"}]}]}},"_links":{"self":[{"href":"https:\/\/yogaandco.fr\/site\/wp-json\/wp\/v2\/pages\/2282"}],"collection":[{"href":"https:\/\/yogaandco.fr\/site\/wp-json\/wp\/v2\/pages"}],"about":[{"href":"https:\/\/yogaandco.fr\/site\/wp-json\/wp\/v2\/types\/page"}],"author":[{"embeddable":true,"href":"https:\/\/yogaandco.fr\/site\/wp-json\/wp\/v2\/users\/2"}],"replies":[{"embeddable":true,"href":"https:\/\/yogaandco.fr\/site\/wp-json\/wp\/v2\/comments?post=2282"}],"version-history":[{"count":73,"href":"https:\/\/yogaandco.fr\/site\/wp-json\/wp\/v2\/pages\/2282\/revisions"}],"predecessor-version":[{"id":13342,"href":"https:\/\/yogaandco.fr\/site\/wp-json\/wp\/v2\/pages\/2282\/revisions\/13342"}],"wp:attachment":[{"href":"https:\/\/yogaandco.fr\/site\/wp-json\/wp\/v2\/media?parent=2282"}],"curies":[{"name":"wp","href":"https:\/\/api.w.org\/{rel}","templated":true}]}}