{"id":9405,"date":"2021-06-12T19:55:41","date_gmt":"2021-06-12T18:55:41","guid":{"rendered":"http:\/\/yogaandco.fr\/site\/1619974057036\/?page_id=9405"},"modified":"2024-11-14T11:57:40","modified_gmt":"2024-11-14T10:57:40","slug":"nos-soins","status":"publish","type":"page","link":"https:\/\/yogaandco.fr\/site\/nos-soins\/","title":{"rendered":"NOS SOINS"},"content":{"rendered":"<p>[vc_row equal_height=\u00a0\u00bbyes\u00a0\u00bb content_placement=\u00a0\u00bbmiddle\u00a0\u00bb css=\u00a0\u00bb.vc_custom_1623792578160{padding-top: 50px !important;padding-bottom: 50px !important;}\u00a0\u00bb][vc_column width=\u00a0\u00bb1\/2&Prime;][vc_column_text]<\/p>\n<h1>NOS SOINS<\/h1>\n<p>[\/vc_column_text][vc_btn title=\u00a0\u00bbNous contacter\u00a0\u00bb style=\u00a0\u00bboutline-custom\u00a0\u00bb outline_custom_color=\u00a0\u00bb#2a504d\u00a0\u00bb outline_custom_hover_background=\u00a0\u00bb#2a504d\u00a0\u00bb outline_custom_hover_text=\u00a0\u00bb#ffffff\u00a0\u00bb shape=\u00a0\u00bbsquare\u00a0\u00bb size=\u00a0\u00bbsm\u00a0\u00bb align=\u00a0\u00bbleft\u00a0\u00bb][\/vc_column][vc_column width=\u00a0\u00bb1\/2&Prime;][vc_column_text]Yoga &amp; Co est aussi un espace <strong>bien-\u00eatre\u00a0<\/strong>qui vous propose tout au long de la semaine des\u00a0<strong>soins<\/strong>.<br \/>\nPour toute question ou pour r\u00e9server un soin,\u00a0 <strong>contactez Nad\u00e8ge au 06 45 44 66 81 ou par email \u00e0 contact@yogaandco.fr<\/strong>[\/vc_column_text][\/vc_column][\/vc_row][vc_row full_width=\u00a0\u00bbstretch_row\u00a0\u00bb equal_height=\u00a0\u00bbyes\u00a0\u00bb][vc_column width=\u00a0\u00bb1\/3&Prime; css=\u00a0\u00bb.vc_custom_1625069455708{padding-right: 50px !important;padding-bottom: 50px !important;padding-left: 50px !important;background-color: #2a504d !important;}\u00a0\u00bb][vc_column_text]<\/p>\n<h3 style=\"text-align: center;\"><span style=\"color: #ffffff;\">Le\u00e7ons individuelles<br \/>\nde m\u00e9thode Feldenkrais<\/span><\/h3>\n<p style=\"text-align: center;\"><span style=\"color: #ffffff;\">S\u00e9ances d&rsquo;Int\u00e9gration Fonctionnelle sur une table de massage, pour r\u00e9pondre aux besoins particuliers de chacun.<br \/>\nAccessible aux personnes \u00e0 mobilit\u00e9 r\u00e9duites.<\/span><\/p>\n<h4 style=\"text-align: center;\"><strong><span style=\"color: #ffffff;\">1H &#8211; 60 \u20ac<\/span><\/strong><\/h4>\n<p style=\"text-align: center;\"><strong>\u00a0 <\/strong><a href=\"https:\/\/yogaandco.fr\/site\/?p=5736\"><img decoding=\"async\" class=\"alignnone wp-image-9338\" src=\"https:\/\/yogaandco.fr\/site\/wp-content\/uploads\/2021\/05\/4-300x300.png\" alt=\"\" width=\"71\" height=\"82\" \/><\/a><\/p>\n<div style=\"text-align: center;\">\n<h4 style=\"text-align: center;\"><strong><span style=\"color: #ffffff;\">VIRGINIE <\/span><\/strong><\/h4>\n<h4 style=\"text-align: center;\"><strong><span style=\"color: #ffffff;\">R\u00e9servez au 06 45 44 66 81<\/span><\/strong><\/h4>\n<\/div>\n<p>[\/vc_column_text][vc_btn title=\u00a0\u00bbEn savoir +\u00a0\u00bb style=\u00a0\u00bboutline-custom\u00a0\u00bb outline_custom_color=\u00a0\u00bb#ffffff\u00a0\u00bb outline_custom_hover_background=\u00a0\u00bb#ffffff\u00a0\u00bb outline_custom_hover_text=\u00a0\u00bb#2a504d\u00a0\u00bb shape=\u00a0\u00bbsquare\u00a0\u00bb size=\u00a0\u00bbsm\u00a0\u00bb align=\u00a0\u00bbcenter\u00a0\u00bb link=\u00a0\u00bburl:http%3A%2F%2Fyogaandco.fr\/site%2F%3Fp%3D9145|title:METHODE%20FELDENKRAIS%20%E2%80%93%20SEANCES%20INDIVIDUELLES\u00a0\u00bb][\/vc_column][vc_column width=\u00a0\u00bb1\/3&Prime; css=\u00a0\u00bb.vc_custom_1624006177624{background-image: url(https:\/\/yogaandco.fr\/site\/wp-content\/uploads\/2021\/05\/IMG_5271.jpg?id=9333) !important;background-position: center !important;background-repeat: no-repeat !important;background-size: cover !important;}\u00a0\u00bb][\/vc_column][vc_column width=\u00a0\u00bb1\/3&Prime; css=\u00a0\u00bb.vc_custom_1633595036336{padding-top: 50px !important;padding-right: 50px !important;padding-bottom: 50px !important;padding-left: 50px !important;background-color: #e5f4ec !important;}\u00a0\u00bb][vc_column_text]<\/p>\n<h3 style=\"text-align: center;\"><strong>Massage ayurv\u00e9dique<br \/>\nMassage \u00e0 l&rsquo;huile chaude<\/strong><\/h3>\n<div style=\"text-align: center;\">\n<p>Dans la tradition ancestrale, on dit que le massage est le massage de l\u2019\u00e2me car il permet d\u2019acc\u00e9der au l\u00e2cher prise et \u00e0 la b\u00e9atitude. Le lien entre le corps, l\u2019esprit et le mental est \u00e9vident pour l\u2019ayurveda.<\/p>\n<p><strong style=\"font-size: 1.3em;\">1H15 &#8211; 80 \u20ac<\/strong><\/p>\n<\/div>\n<div style=\"text-align: center;\">\n<div><\/div>\n<div><a href=\"https:\/\/yogaandco.fr\/site\/2020\/01\/21\/barbara-c\/\"><img decoding=\"async\" class=\"alignnone wp-image-10557 \" src=\"https:\/\/yogaandco.fr\/site\/wp-content\/uploads\/2021\/10\/BARBARA-rond-150x150.png\" alt=\"\" width=\"84\" height=\"86\" srcset=\"https:\/\/yogaandco.fr\/site\/wp-content\/uploads\/2021\/10\/BARBARA-rond-50x50.png 50w, https:\/\/yogaandco.fr\/site\/wp-content\/uploads\/2021\/10\/BARBARA-rond-45x45.png 45w\" sizes=\"(max-width: 84px) 100vw, 84px\" \/><\/a><\/div>\n<\/div>\n<div>\n<div style=\"text-align: center;\"><strong>BARBARA<\/strong><\/div>\n<div style=\"text-align: center;\"><strong>R\u00e9servez au 06 45 44 66 81<\/strong><\/div>\n<\/div>\n<p>[\/vc_column_text][vc_btn title=\u00a0\u00bbEn savoir +\u00a0\u00bb style=\u00a0\u00bboutline-custom\u00a0\u00bb outline_custom_color=\u00a0\u00bb#2a504d\u00a0\u00bb outline_custom_hover_background=\u00a0\u00bb#2a504d\u00a0\u00bb outline_custom_hover_text=\u00a0\u00bb#ffffff\u00a0\u00bb shape=\u00a0\u00bbsquare\u00a0\u00bb size=\u00a0\u00bbsm\u00a0\u00bb align=\u00a0\u00bbcenter\u00a0\u00bb link=\u00a0\u00bburl:http%3A%2F%2Fyogaandco.fr%2Fsite%2F2021%2F10%2F07%2Fmassages-ayurvediques-2%2F|title:Massages%20ayurv%C3%A9diques|target:_blank\u00a0\u00bb][\/vc_column][\/vc_row][vc_row full_width=\u00a0\u00bbstretch_row\u00a0\u00bb equal_height=\u00a0\u00bbyes\u00a0\u00bb][vc_column width=\u00a0\u00bb1\/3&Prime; css=\u00a0\u00bb.vc_custom_1625069476555{padding-top: 50px !important;padding-right: 50px !important;padding-left: 50px !important;background-color: #e5f4ec !important;}\u00a0\u00bb][vc_column_text]<\/p>\n<h3 style=\"text-align: center;\"><strong>Reboutement, magn\u00e9tisme, sophrologie, hypnose, coupeur de feu<\/strong><\/h3>\n<div style=\"text-align: center;\">\n<p>C&rsquo;est dans une vision globale de l&rsquo;\u00eatre humain, que Richard int\u00e8gre le soin pour intervenir sur tout le syst\u00e8me: le corps et l&rsquo;esprit.<\/p>\n<p><strong style=\"font-size: 1.3em;\">1H &#8211; 60 \u20ac<\/strong><\/p>\n<\/div>\n<div style=\"text-align: center;\">\n<div><img decoding=\"async\" class=\"alignnone wp-image-10515\" src=\"https:\/\/yogaandco.fr\/site\/wp-content\/uploads\/2021\/09\/richrd-300x300.png\" alt=\"\" width=\"115\" height=\"115\" srcset=\"https:\/\/yogaandco.fr\/site\/wp-content\/uploads\/2021\/09\/richrd-300x300.png 300w, https:\/\/yogaandco.fr\/site\/wp-content\/uploads\/2021\/09\/richrd-150x150.png 150w, https:\/\/yogaandco.fr\/site\/wp-content\/uploads\/2021\/09\/richrd-50x50.png 50w, https:\/\/yogaandco.fr\/site\/wp-content\/uploads\/2021\/09\/richrd-45x45.png 45w, https:\/\/yogaandco.fr\/site\/wp-content\/uploads\/2021\/09\/richrd.png 365w\" sizes=\"(max-width: 115px) 100vw, 115px\" \/><\/div>\n<\/div>\n<div>\n<div style=\"text-align: center;\"><strong>RICHARD<\/strong><\/div>\n<div style=\"text-align: center;\"><strong>R\u00e9servez au 06 45 44 66 81<\/strong><\/div>\n<\/div>\n<div><\/div>\n<p>[\/vc_column_text][vc_btn title=\u00a0\u00bbEn savoir +\u00a0\u00bb style=\u00a0\u00bboutline-custom\u00a0\u00bb outline_custom_color=\u00a0\u00bb#2a504d\u00a0\u00bb outline_custom_hover_background=\u00a0\u00bb#2a504d\u00a0\u00bb outline_custom_hover_text=\u00a0\u00bb#ffffff\u00a0\u00bb shape=\u00a0\u00bbsquare\u00a0\u00bb size=\u00a0\u00bbsm\u00a0\u00bb align=\u00a0\u00bbcenter\u00a0\u00bb link=\u00a0\u00bburl:http%3A%2F%2Fyogaandco.fr\/site%2F%3Fp%3D7789|title:METHODE%20FELDENKRAIS%20%E2%80%93%20SEANCES%20INDIVIDUELLES\u00a0\u00bb][\/vc_column][vc_column width=\u00a0\u00bb1\/3&Prime; css=\u00a0\u00bb.vc_custom_1624006745508{padding-top: 50px !important;padding-right: 50px !important;padding-left: 50px !important;background-color: #5f8055 !important;}\u00a0\u00bb][vc_column_text]<\/p>\n<h3 style=\"text-align: center;\"><strong><span style=\"color: #ffffff;\">Yogath\u00e9rapie personnalis\u00e9e<\/span><\/strong><\/h3>\n<p style=\"text-align: center;\"><span style=\"color: #ffffff;\">Une proposition de soins et de postures personnalis\u00e9e en fonction de vos besoins, afin de faire \u00e9voluer votre pratique vers un processus de soin compl\u00e9menta<\/span><span style=\"color: #ffffff;\">ire de certaines pathologies.<\/span><\/p>\n<h4 style=\"text-align: center;\"><strong><span style=\"color: #ffffff;\">1H &#8211; 60 \u20ac<\/span><\/strong><\/h4>\n<p style=\"text-align: center;\"><a href=\"https:\/\/yogaandco.fr\/site\/?p=279\"><strong><img decoding=\"async\" class=\"wp-image-10184 aligncenter\" src=\"https:\/\/yogaandco.fr\/site\/wp-content\/uploads\/2021\/07\/nadegerond-300x289.png\" alt=\"\" width=\"83\" height=\"82\" srcset=\"https:\/\/yogaandco.fr\/site\/wp-content\/uploads\/2021\/07\/nadegerond-150x150.png 150w, https:\/\/yogaandco.fr\/site\/wp-content\/uploads\/2021\/07\/nadegerond-50x50.png 50w, https:\/\/yogaandco.fr\/site\/wp-content\/uploads\/2021\/07\/nadegerond-45x45.png 45w\" sizes=\"(max-width: 83px) 100vw, 83px\" \/><\/strong><\/a><\/p>\n<div style=\"text-align: center;\"><strong>NADEGE<\/strong><\/div>\n<div style=\"text-align: center;\"><strong>R\u00e9servez au 06 45 44 66 81<\/strong><\/div>\n<p>[\/vc_column_text][vc_btn title=\u00a0\u00bbEn savoir +\u00a0\u00bb style=\u00a0\u00bboutline-custom\u00a0\u00bb outline_custom_color=\u00a0\u00bb#ffffff\u00a0\u00bb outline_custom_hover_background=\u00a0\u00bb#ffffff\u00a0\u00bb outline_custom_hover_text=\u00a0\u00bb#5f8055&Prime; shape=\u00a0\u00bbsquare\u00a0\u00bb size=\u00a0\u00bbsm\u00a0\u00bb align=\u00a0\u00bbcenter\u00a0\u00bb link=\u00a0\u00bburl:http%3A%2F%2Fyogaandco.fr\/site%2F%3Fp%3D8073|title:METHODE%20FELDENKRAIS%20%E2%80%93%20SEANCES%20INDIVIDUELLES\u00a0\u00bb][\/vc_column][vc_column width=\u00a0\u00bb1\/3&Prime; css=\u00a0\u00bb.vc_custom_1624006765034{padding-top: 50px !important;padding-right: 50px !important;padding-left: 50px !important;background-color: #e7e8e8 !important;}\u00a0\u00bb][vc_column_text]<\/p>\n<div>\n<h3 style=\"text-align: center;\"><strong><span style=\"color: #999999;\">Technique Alexander<\/span><\/strong><\/h3>\n<p style=\"text-align: center;\"><span style=\"color: #999999;\">Pour retrouver un peu plus de vie dans nos mouvements\u2026et peu plus de mouvement dans nos vies !<\/span><\/p>\n<h4 style=\"text-align: center;\"><strong><span style=\"color: #999999;\">1H &#8211; 60 \u20ac<\/span><\/strong><\/h4>\n<\/div>\n<div>\n<p><a href=\"https:\/\/yogaandco.fr\/site\/wp-content\/uploads\/2021\/05\/fanny.png\">\u00a0<\/a><strong><strong><a href=\"https:\/\/yogaandco.fr\/site\/?p=3345\"><img decoding=\"async\" class=\"alignnone wp-image-9343 aligncenter\" src=\"https:\/\/yogaandco.fr\/site\/wp-content\/uploads\/2021\/05\/greg-300x300.png\" alt=\"\" width=\"77\" height=\"82\" \/><\/a><\/strong><\/strong><\/p>\n<div style=\"text-align: center;\"><strong>GREGORY<\/strong><\/div>\n<div style=\"text-align: center;\"><strong>R\u00e9servez au 06 45 44 66 81<\/strong><\/div>\n<\/div>\n<p>[\/vc_column_text][vc_btn title=\u00a0\u00bbEn savoir +\u00a0\u00bb style=\u00a0\u00bboutline-custom\u00a0\u00bb outline_custom_color=\u00a0\u00bb#999999&Prime; outline_custom_hover_background=\u00a0\u00bb#999999&Prime; outline_custom_hover_text=\u00a0\u00bb#e7e8e8&Prime; shape=\u00a0\u00bbsquare\u00a0\u00bb size=\u00a0\u00bbsm\u00a0\u00bb align=\u00a0\u00bbcenter\u00a0\u00bb link=\u00a0\u00bburl:http%3A%2F%2Fyogaandco.fr\/site%2F%3Fp%3D1414|title:METHODE%20FELDENKRAIS%20%E2%80%93%20SEANCES%20INDIVIDUELLES\u00a0\u00bb][\/vc_column][\/vc_row][vc_row full_width=\u00a0\u00bbstretch_row\u00a0\u00bb equal_height=\u00a0\u00bbyes\u00a0\u00bb content_placement=\u00a0\u00bbmiddle\u00a0\u00bb][vc_column width=\u00a0\u00bb1\/3&Prime; css=\u00a0\u00bb.vc_custom_1632401977159{padding-top: 50px !important;padding-right: 50px !important;padding-left: 50px !important;background-color: rgba(97,127,226,0.25) !important;*background-color: rgb(97,127,226) !important;}\u00a0\u00bb][vc_column_text]<\/p>\n<h4 style=\"text-align: center;\"><strong><span style=\"color: #617fe2;\">B\u00e9n\u00e9diction de l&rsquo;ut\u00e9rus<br \/>\n<\/span><\/strong><\/h4>\n<p style=\"text-align: center;\"><span style=\"color: #617fe2;\">La b\u00e9n\u00e9diction de l\u2019ut\u00e9rus est un soin \u00e9nerg\u00e9tique donn\u00e9 par une femme initi\u00e9e (Moon Mother) \u00e0 une autre femme pour \u00e9veiller, \u00e9nergiser et soigner les principaux centres \u00e9nerg\u00e9tiques f\u00e9minins.<\/span><\/p>\n<h4 style=\"text-align: center;\"><strong><span style=\"color: #617fe2;\">\u00a01h &#8211; 40\u20ac<\/span><\/strong><\/h4>\n<p><strong><a href=\"https:\/\/yogaandco.fr\/site\/?p=279\"><img decoding=\"async\" class=\"wp-image-10184 aligncenter\" src=\"https:\/\/yogaandco.fr\/site\/wp-content\/uploads\/2021\/07\/nadegerond-300x289.png\" alt=\"\" width=\"83\" height=\"82\" srcset=\"https:\/\/yogaandco.fr\/site\/wp-content\/uploads\/2021\/07\/nadegerond-150x150.png 150w, https:\/\/yogaandco.fr\/site\/wp-content\/uploads\/2021\/07\/nadegerond-50x50.png 50w, https:\/\/yogaandco.fr\/site\/wp-content\/uploads\/2021\/07\/nadegerond-45x45.png 45w\" sizes=\"(max-width: 83px) 100vw, 83px\" \/><\/a><\/strong><\/p>\n<div style=\"text-align: center;\"><strong>NADEGE<\/strong><\/div>\n<div style=\"text-align: center;\"><strong>R\u00e9servez au 06 45 44 66 81<\/strong><\/div>\n<p>[\/vc_column_text][vc_btn title=\u00a0\u00bbEn savoir +\u00a0\u00bb style=\u00a0\u00bboutline-custom\u00a0\u00bb outline_custom_color=\u00a0\u00bb#617fe2&Prime; outline_custom_hover_background=\u00a0\u00bb#617fe2&Prime; outline_custom_hover_text=\u00a0\u00bb#ffffff\u00a0\u00bb shape=\u00a0\u00bbsquare\u00a0\u00bb size=\u00a0\u00bbsm\u00a0\u00bb align=\u00a0\u00bbcenter\u00a0\u00bb link=\u00a0\u00bburl:http%3A%2F%2Fyogaandco.fr\/site%2F%3Fp%3D10158|title:YOGA%20DU%20VISAGE\u00a0\u00bb][\/vc_column][vc_column width=\u00a0\u00bb1\/3&Prime; css=\u00a0\u00bb.vc_custom_1632401966212{padding-top: 50px !important;padding-right: 50px !important;padding-left: 50px !important;background-color: #2a504d !important;background-position: center !important;background-repeat: no-repeat !important;background-size: cover !important;}\u00a0\u00bb][vc_column_text]<\/p>\n<h4 style=\"text-align: center;\"><strong><span style=\"color: #ffffff;\">Consultation personnalis\u00e9e yoga du visage<\/span><\/strong><\/h4>\n<p style=\"text-align: center;\"><span style=\"color: #ffffff;\">Nad\u00e8ge r\u00e9pond \u00e0 vos demandes sp\u00e9cifiques concernant votre visage et analyse les axes \u00e0 d\u00e9velopper. Elle vous montre et vous explique en d\u00e9tails les diff\u00e9rents exercices pr\u00e9conis\u00e9s afin que vous puissiez entretenir votre visage au quotidien.<\/span><\/p>\n<h4 style=\"text-align: center;\"><strong><span style=\"color: #ffffff;\">1h &#8211; 60\u20ac<\/span><\/strong><\/h4>\n<p>&nbsp;<\/p>\n<p><strong><a href=\"https:\/\/yogaandco.fr\/site\/?p=279\"><img decoding=\"async\" class=\"wp-image-10184 aligncenter\" src=\"https:\/\/yogaandco.fr\/site\/wp-content\/uploads\/2021\/07\/nadegerond-300x289.png\" alt=\"\" width=\"83\" height=\"82\" srcset=\"https:\/\/yogaandco.fr\/site\/wp-content\/uploads\/2021\/07\/nadegerond-150x150.png 150w, https:\/\/yogaandco.fr\/site\/wp-content\/uploads\/2021\/07\/nadegerond-50x50.png 50w, https:\/\/yogaandco.fr\/site\/wp-content\/uploads\/2021\/07\/nadegerond-45x45.png 45w\" sizes=\"(max-width: 83px) 100vw, 83px\" \/><\/a><\/strong><\/p>\n<h4 style=\"text-align: center;\"><strong><span style=\"color: #ffffff;\">NADEGE <\/span><\/strong><\/h4>\n<h4 style=\"text-align: center;\"><strong><span style=\"color: #ffffff;\">R\u00e9servez au 06 45 44 66 81<\/span><\/strong><\/h4>\n<p>&nbsp;<\/p>\n<p>&nbsp;[\/vc_column_text][\/vc_column][vc_column width=\u00a0\u00bb1\/3&Prime; css=\u00a0\u00bb.vc_custom_1632569165365{background-color: #e5f4ec !important;}\u00a0\u00bb][vc_column_text]<\/p>\n<h4 class=\"p1\" style=\"text-align: center;\"><b>Massage Snehana<\/b><\/h4>\n<p style=\"text-align: center;\">Le massage Snehana est un soin \u00e0 base d\u2019huile chaude, infus\u00e9e aux plantes ayurv\u00e9diques, appliqu\u00e9e sur l\u2019ensemble du corps et de la chevelure.<\/p>\n<p style=\"text-align: center;\">Les mouvements lents et appuy\u00e9s de ce massage agissent principalement sur le r\u00e9tablissement de la bonne circulation des \u00e9nergies.<\/p>\n<p style=\"text-align: center;\"><strong>Des bienfaits pour le corps :<\/strong><\/p>\n<ul style=\"text-align: center;\">\n<li>Rel\u00e2chement des muscles profonds\u00a0;<br \/>\n\u2022 Assouplissement de la peau et des tissus\u00a0;<br \/>\n\u2022 Activation des syst\u00e8mes sanguin et lymphatique\u00a0:<br \/>\n\u2022 Drainage des toxines\u00a0;<br \/>\n\u2022 Relance du flux \u00e9nerg\u00e9tique dans tout le corps.<strong>Des bienfaits pour l&rsquo;esprit :<\/strong><\/li>\n<\/ul>\n<ul style=\"text-align: center;\">\n<li>Apaisement de la constitution (dosha) vata\u00a0;<br \/>\n\u2022 Et surtout\u2026 un bien-\u00eatre global<\/li>\n<\/ul>\n<p style=\"text-align: center;\"><strong>Massage ayurv\u00e9dique Snehana (aussi pour femmes enceintes et sportifs de haut niveau)<\/strong><br \/>\n<strong>1h \u2013 90\u00a0\u20ac \/ 1h30 \u2013 120 \u20ac<\/strong><\/p>\n<p><img decoding=\"async\" class=\"wp-image-10773 size-thumbnail aligncenter\" style=\"font-style: inherit; font-weight: bold; text-align: center;\" src=\"https:\/\/yogaandco.fr\/site\/wp-content\/uploads\/2021\/12\/GregNARBOUX-150x150.jpg\" alt=\"Gr\u00e9gory professeur de hatha yoga \u00e0 Paris 19\u00e8me\" width=\"150\" height=\"150\" srcset=\"https:\/\/yogaandco.fr\/site\/wp-content\/uploads\/2021\/12\/GregNARBOUX-150x150.jpg 150w, https:\/\/yogaandco.fr\/site\/wp-content\/uploads\/2021\/12\/GregNARBOUX-300x300.jpg 300w, https:\/\/yogaandco.fr\/site\/wp-content\/uploads\/2021\/12\/GregNARBOUX-500x500.jpg 500w, https:\/\/yogaandco.fr\/site\/wp-content\/uploads\/2021\/12\/GregNARBOUX-768x768.jpg 768w, https:\/\/yogaandco.fr\/site\/wp-content\/uploads\/2021\/12\/GregNARBOUX-50x50.jpg 50w, https:\/\/yogaandco.fr\/site\/wp-content\/uploads\/2021\/12\/GregNARBOUX-45x45.jpg 45w, https:\/\/yogaandco.fr\/site\/wp-content\/uploads\/2021\/12\/GregNARBOUX.jpg 960w\" sizes=\"(max-width: 150px) 100vw, 150px\" \/><\/p>\n<p style=\"text-align: center;\"><b>GREGORY<\/b><\/p>\n<p style=\"text-align: center;\"><strong>R\u00e9servez au 06 45 44 66 81<\/strong><\/p>\n<p>[\/vc_column_text][\/vc_column][\/vc_row][vc_row full_width=\u00a0\u00bbstretch_row\u00a0\u00bb equal_height=\u00a0\u00bbyes\u00a0\u00bb content_placement=\u00a0\u00bbmiddle\u00a0\u00bb][vc_column width=\u00a0\u00bb1\/3&Prime; css=\u00a0\u00bb.vc_custom_1674465435924{padding-right: 50px !important;padding-bottom: 50px !important;padding-left: 50px !important;background-color: #e5f4ec !important;}\u00a0\u00bb][vc_column_text]<\/p>\n<h3 style=\"text-align: center;\">Art Th\u00e9rapie<\/h3>\n<p style=\"text-align: center;\">L&rsquo;art en tant que m\u00e9dium pour se d\u00e9couvrir.<\/p>\n<h4 style=\"text-align: center;\"><strong>60 \u20ac<\/strong><\/h4>\n<p style=\"text-align: center;\"><strong>\u00a0 <\/strong><img decoding=\"async\" class=\"alignnone wp-image-11641 \" src=\"https:\/\/yogaandco.fr\/site\/wp-content\/uploads\/2023\/01\/Photo-portrait-Sandrine-150x150-1.jpeg\" alt=\"\" width=\"84\" height=\"73\" \/><\/p>\n<div style=\"text-align: center;\"><\/div>\n<p style=\"text-align: center;\"><b>SANDRINE <\/b><\/p>\n<p style=\"text-align: center;\"><b>R\u00e9servez au 06 45 44 66 81<\/b><\/p>\n<p>[\/vc_column_text][vc_btn title=\u00a0\u00bbEn savoir +\u00a0\u00bb style=\u00a0\u00bboutline-custom\u00a0\u00bb outline_custom_color=\u00a0\u00bb#2a504d\u00a0\u00bb outline_custom_hover_background=\u00a0\u00bb#2a504d\u00a0\u00bb outline_custom_hover_text=\u00a0\u00bb#2a504d\u00a0\u00bb shape=\u00a0\u00bbsquare\u00a0\u00bb size=\u00a0\u00bbsm\u00a0\u00bb align=\u00a0\u00bbcenter\u00a0\u00bb link=\u00a0\u00bburl:https%3A%2F%2Fyogaandco.fr%2Fsite%2F2023%2F01%2F18%2F6363-2-3%2F|title:ART%20THERAPIE\u00a0\u00bb][\/vc_column][vc_column width=\u00a0\u00bb1\/3&Prime; css=\u00a0\u00bb.vc_custom_1674465415620{background-image: url(https:\/\/yogaandco.fr\/site\/wp-content\/uploads\/2021\/09\/A.jpg?id=11013) !important;background-position: center !important;background-repeat: no-repeat !important;background-size: cover !important;}\u00a0\u00bb][\/vc_column][vc_column width=\u00a0\u00bb1\/3&Prime; css=\u00a0\u00bb.vc_custom_1726823399530{background-color: #2a504d !important;background-position: center !important;background-repeat: no-repeat !important;background-size: cover !important;}\u00a0\u00bb][vc_column_text]<\/p>\n<h3 style=\"text-align: center;\"><span style=\"color: #ffffff;\">Hypnose ericksonienne<\/span><\/h3>\n<p class=\"lead\" style=\"text-align: center;\"><span style=\"color: #ffffff;\">Gagnez en clart\u00e9, en confiance &amp; en s\u00e9r\u00e9nit\u00e9 gr\u00e2ce \u00e0 l&rsquo;hypnose<\/span><\/p>\n<h4 style=\"text-align: center;\"><strong><span style=\"color: #ffffff;\">80 \u20ac<\/span><\/strong><\/h4>\n<p style=\"text-align: center;\"><strong>\u00a0 <\/strong><img decoding=\"async\" class=\"alignnone wp-image-12659 \" src=\"https:\/\/yogaandco.fr\/site\/wp-content\/uploads\/2024\/09\/Marine-Vibler-220x300.jpg\" alt=\"\" width=\"105\" height=\"134\" \/><\/p>\n<p style=\"text-align: center;\"><b><span style=\"color: #ffffff;\">Marine<br \/>\n<\/span><\/b><b><span style=\"color: #ffffff;\">R\u00e9servez au 06 45 44 66 81<\/span><\/b><\/p>\n<p>[\/vc_column_text][vc_btn title=\u00a0\u00bbEn savoir +\u00a0\u00bb style=\u00a0\u00bboutline-custom\u00a0\u00bb outline_custom_color=\u00a0\u00bb#ffffff\u00a0\u00bb outline_custom_hover_background=\u00a0\u00bb#ffffff\u00a0\u00bb outline_custom_hover_text=\u00a0\u00bb#5f8055&Prime; shape=\u00a0\u00bbsquare\u00a0\u00bb size=\u00a0\u00bbsm\u00a0\u00bb align=\u00a0\u00bbcenter\u00a0\u00bb link=\u00a0\u00bburl:https%3A%2F%2Fyogaandco.fr%2Fsite%2F2024%2F09%2F17%2Farttherapie-2%2F|title:METHODE%20FELDENKRAIS%20%E2%80%93%20SEANCES%20INDIVIDUELLES\u00a0\u00bb][\/vc_column][\/vc_row][vc_row full_width=\u00a0\u00bbstretch_row\u00a0\u00bb equal_height=\u00a0\u00bbyes\u00a0\u00bb content_placement=\u00a0\u00bbmiddle\u00a0\u00bb][vc_column width=\u00a0\u00bb1\/3&Prime; css=\u00a0\u00bb.vc_custom_1730043798873{padding-right: 50px !important;padding-bottom: 50px !important;padding-left: 50px !important;background-image: url(https:\/\/yogaandco.fr\/site\/wp-content\/uploads\/2021\/06\/TL_DSC0436-1-scaled.jpg?id=9792) !important;background-position: center !important;background-repeat: no-repeat !important;background-size: cover !important;}\u00a0\u00bb][\/vc_column][vc_column width=\u00a0\u00bb1\/3&Prime; css=\u00a0\u00bb.vc_custom_1726823399530{background-color: #2a504d !important;background-position: center !important;background-repeat: no-repeat !important;background-size: cover !important;}\u00a0\u00bb][vc_column_text]<\/p>\n<h3 style=\"text-align: center;\"><span style=\"color: #ffffff;\">Sophrologie<\/span><\/h3>\n<p class=\"lead\" style=\"text-align: center;\"><span style=\"color: #ffffff;\">Am\u00e9liorez votre quotidien et d\u00e9veloppez vos aptitudes gr\u00e2ce \u00e0 la sophrologie<\/span><\/p>\n<h4 style=\"text-align: center;\"><strong><span style=\"color: #ffffff;\">60 \u20ac<\/span><\/strong><\/h4>\n<p style=\"text-align: center;\"><strong>\u00a0 <\/strong><img decoding=\"async\" class=\"alignnone wp-image-12732 size-thumbnail\" src=\"https:\/\/yogaandco.fr\/site\/wp-content\/uploads\/2024\/10\/LESLIE-BRAGA-150x150.jpg\" alt=\"\" width=\"150\" height=\"150\" srcset=\"https:\/\/yogaandco.fr\/site\/wp-content\/uploads\/2024\/10\/LESLIE-BRAGA-150x150.jpg 150w, https:\/\/yogaandco.fr\/site\/wp-content\/uploads\/2024\/10\/LESLIE-BRAGA-300x300.jpg 300w, https:\/\/yogaandco.fr\/site\/wp-content\/uploads\/2024\/10\/LESLIE-BRAGA-500x500.jpg 500w, https:\/\/yogaandco.fr\/site\/wp-content\/uploads\/2024\/10\/LESLIE-BRAGA-768x768.jpg 768w, https:\/\/yogaandco.fr\/site\/wp-content\/uploads\/2024\/10\/LESLIE-BRAGA-600x600.jpg 600w, https:\/\/yogaandco.fr\/site\/wp-content\/uploads\/2024\/10\/LESLIE-BRAGA-1320x1320.jpg 1320w, https:\/\/yogaandco.fr\/site\/wp-content\/uploads\/2024\/10\/LESLIE-BRAGA.jpg 1496w\" sizes=\"(max-width: 150px) 100vw, 150px\" \/><\/p>\n<p style=\"text-align: center;\"><b><span style=\"color: #ffffff;\">Leslie<\/span><\/b><\/p>\n<p style=\"text-align: center;\"><b><span style=\"color: #ffffff;\">R\u00e9servez au 06 45 44 66 81<\/span><\/b><\/p>\n<p>[\/vc_column_text][vc_btn title=\u00a0\u00bbEn savoir +\u00a0\u00bb style=\u00a0\u00bboutline-custom\u00a0\u00bb outline_custom_color=\u00a0\u00bb#ffffff\u00a0\u00bb outline_custom_hover_background=\u00a0\u00bb#ffffff\u00a0\u00bb outline_custom_hover_text=\u00a0\u00bb#5f8055&Prime; shape=\u00a0\u00bbsquare\u00a0\u00bb size=\u00a0\u00bbsm\u00a0\u00bb align=\u00a0\u00bbcenter\u00a0\u00bb link=\u00a0\u00bburl:https%3A%2F%2Fyogaandco.fr%2Fsite%2F2024%2F10%2F13%2Farttherapie-2-2%2F|title:METHODE%20FELDENKRAIS%20%E2%80%93%20SEANCES%20INDIVIDUELLES\u00a0\u00bb][\/vc_column][vc_column width=\u00a0\u00bb1\/3&Prime; css=\u00a0\u00bb.vc_custom_1730043827658{background-image: url(https:\/\/yogaandco.fr\/site\/wp-content\/uploads\/2023\/03\/cours-yoga-bougies.jpg?id=12725) !important;background-position: center !important;background-repeat: no-repeat !important;background-size: cover !important;}\u00a0\u00bb][\/vc_column][\/vc_row][vc_row][vc_column][vc_empty_space][\/vc_column][\/vc_row]<\/p>\n","protected":false},"excerpt":{"rendered":"<p>[vc_row equal_height=\u00a0\u00bbyes\u00a0\u00bb content_placement=\u00a0\u00bbmiddle\u00a0\u00bb css=\u00a0\u00bb.vc_custom_1623792578160{padding-top: 50px !important;padding-bottom: 50px !important;}\u00a0\u00bb][vc_column width=\u00a0\u00bb1\/2&Prime;][vc_column_text] NOS SOINS [\/vc_column_text][vc_btn title=\u00a0\u00bbNous contacter\u00a0\u00bb style=\u00a0\u00bboutline-custom\u00a0\u00bb outline_custom_color=\u00a0\u00bb#2a504d\u00a0\u00bb outline_custom_hover_background=\u00a0\u00bb#2a504d\u00a0\u00bb outline_custom_hover_text=\u00a0\u00bb#ffffff\u00a0\u00bb shape=\u00a0\u00bbsquare\u00a0\u00bb size=\u00a0\u00bbsm\u00a0\u00bb align=\u00a0\u00bbleft\u00a0\u00bb][\/vc_column][vc_column width=\u00a0\u00bb1\/2&Prime;][vc_column_text]Yoga &amp; Co est aussi un espace bien-\u00eatre\u00a0qui vous propose tout au long de la semaine des\u00a0soins. Pour toute question ou pour r\u00e9server un soin,\u00a0 contactez Nad\u00e8ge au 06 45 44 66 81 ou &hellip;<\/p>\n<p class=\"read-more\"> <a class=\"\" href=\"https:\/\/yogaandco.fr\/site\/nos-soins\/\"> <span class=\"screen-reader-text\">NOS SOINS<\/span> Lire la suite\u00a0\u00bb<\/a><\/p>\n","protected":false},"author":2,"featured_media":0,"parent":0,"menu_order":0,"comment_status":"closed","ping_status":"closed","template":"","meta":{"_monsterinsights_skip_tracking":false,"_monsterinsights_sitenote_active":false,"_monsterinsights_sitenote_note":"","_monsterinsights_sitenote_category":0,"footnotes":""},"class_list":["post-9405","page","type-page","status-publish","hentry"],"yoast_head":"<!-- This site is optimized with the Yoast SEO plugin v16.8 - https:\/\/yoast.com\/wordpress\/plugins\/seo\/ -->\n<title>NOS SOINS - Yoga &amp; co<\/title>\n<meta name=\"robots\" content=\"index, follow, max-snippet:-1, max-image-preview:large, max-video-preview:-1\" \/>\n<link rel=\"canonical\" href=\"https:\/\/yogaandco.fr\/site\/nos-soins\/\" \/>\n<meta property=\"og:locale\" content=\"fr_FR\" \/>\n<meta property=\"og:type\" content=\"article\" \/>\n<meta property=\"og:title\" content=\"NOS SOINS - Yoga &amp; co\" \/>\n<meta property=\"og:description\" content=\"[vc_row equal_height=\u00a0\u00bbyes\u00a0\u00bb content_placement=\u00a0\u00bbmiddle\u00a0\u00bb css=\u00a0\u00bb.vc_custom_1623792578160{padding-top: 50px !important;padding-bottom: 50px !important;}\u00a0\u00bb][vc_column width=\u00a0\u00bb1\/2&Prime;][vc_column_text] NOS SOINS [\/vc_column_text][vc_btn title=\u00a0\u00bbNous contacter\u00a0\u00bb style=\u00a0\u00bboutline-custom\u00a0\u00bb outline_custom_color=\u00a0\u00bb#2a504d\u00a0\u00bb outline_custom_hover_background=\u00a0\u00bb#2a504d\u00a0\u00bb outline_custom_hover_text=\u00a0\u00bb#ffffff\u00a0\u00bb shape=\u00a0\u00bbsquare\u00a0\u00bb size=\u00a0\u00bbsm\u00a0\u00bb align=\u00a0\u00bbleft\u00a0\u00bb][\/vc_column][vc_column width=\u00a0\u00bb1\/2&Prime;][vc_column_text]Yoga &amp; Co est aussi un espace bien-\u00eatre\u00a0qui vous propose tout au long de la semaine des\u00a0soins. Pour toute question ou pour r\u00e9server un soin,\u00a0 contactez Nad\u00e8ge au 06 45 44 66 81 ou &hellip; NOS SOINS Lire la suite\u00a0\u00bb\" \/>\n<meta property=\"og:url\" content=\"https:\/\/yogaandco.fr\/site\/nos-soins\/\" \/>\n<meta property=\"og:site_name\" content=\"Yoga &amp; co\" \/>\n<meta property=\"article:modified_time\" content=\"2024-11-14T10:57:40+00:00\" \/>\n<meta property=\"og:image\" content=\"http:\/\/yogaandco.fr\/site\/wp-content\/uploads\/2021\/05\/4-300x300.png\" \/>\n<meta name=\"twitter:label1\" content=\"Dur\u00e9e de lecture est.\" \/>\n\t<meta name=\"twitter:data1\" content=\"5 minutes\" \/>\n<script type=\"application\/ld+json\" class=\"yoast-schema-graph\">{\"@context\":\"https:\/\/schema.org\",\"@graph\":[{\"@type\":\"WebSite\",\"@id\":\"https:\/\/yogaandco.fr\/site\/#website\",\"url\":\"https:\/\/yogaandco.fr\/site\/\",\"name\":\"Yoga &amp; co\",\"description\":\"Yoga pour tous\",\"potentialAction\":[{\"@type\":\"SearchAction\",\"target\":{\"@type\":\"EntryPoint\",\"urlTemplate\":\"https:\/\/yogaandco.fr\/site\/?s={search_term_string}\"},\"query-input\":\"required name=search_term_string\"}],\"inLanguage\":\"fr-FR\"},{\"@type\":\"ImageObject\",\"@id\":\"https:\/\/yogaandco.fr\/site\/nos-soins\/#primaryimage\",\"inLanguage\":\"fr-FR\",\"url\":\"http:\/\/yogaandco.fr\/site\/wp-content\/uploads\/2021\/05\/4-300x300.png\",\"contentUrl\":\"http:\/\/yogaandco.fr\/site\/wp-content\/uploads\/2021\/05\/4-300x300.png\"},{\"@type\":\"WebPage\",\"@id\":\"https:\/\/yogaandco.fr\/site\/nos-soins\/#webpage\",\"url\":\"https:\/\/yogaandco.fr\/site\/nos-soins\/\",\"name\":\"NOS SOINS - Yoga &amp; co\",\"isPartOf\":{\"@id\":\"https:\/\/yogaandco.fr\/site\/#website\"},\"primaryImageOfPage\":{\"@id\":\"https:\/\/yogaandco.fr\/site\/nos-soins\/#primaryimage\"},\"datePublished\":\"2021-06-12T18:55:41+00:00\",\"dateModified\":\"2024-11-14T10:57:40+00:00\",\"breadcrumb\":{\"@id\":\"https:\/\/yogaandco.fr\/site\/nos-soins\/#breadcrumb\"},\"inLanguage\":\"fr-FR\",\"potentialAction\":[{\"@type\":\"ReadAction\",\"target\":[\"https:\/\/yogaandco.fr\/site\/nos-soins\/\"]}]},{\"@type\":\"BreadcrumbList\",\"@id\":\"https:\/\/yogaandco.fr\/site\/nos-soins\/#breadcrumb\",\"itemListElement\":[{\"@type\":\"ListItem\",\"position\":1,\"name\":\"Accueil\",\"item\":\"https:\/\/yogaandco.fr\/site\/\"},{\"@type\":\"ListItem\",\"position\":2,\"name\":\"NOS SOINS\"}]}]}<\/script>\n<!-- \/ Yoast SEO plugin. -->","yoast_head_json":{"title":"NOS SOINS - Yoga &amp; co","robots":{"index":"index","follow":"follow","max-snippet":"max-snippet:-1","max-image-preview":"max-image-preview:large","max-video-preview":"max-video-preview:-1"},"canonical":"https:\/\/yogaandco.fr\/site\/nos-soins\/","og_locale":"fr_FR","og_type":"article","og_title":"NOS SOINS - Yoga &amp; co","og_description":"[vc_row equal_height=\u00a0\u00bbyes\u00a0\u00bb content_placement=\u00a0\u00bbmiddle\u00a0\u00bb css=\u00a0\u00bb.vc_custom_1623792578160{padding-top: 50px !important;padding-bottom: 50px !important;}\u00a0\u00bb][vc_column width=\u00a0\u00bb1\/2&Prime;][vc_column_text] NOS SOINS [\/vc_column_text][vc_btn title=\u00a0\u00bbNous contacter\u00a0\u00bb style=\u00a0\u00bboutline-custom\u00a0\u00bb outline_custom_color=\u00a0\u00bb#2a504d\u00a0\u00bb outline_custom_hover_background=\u00a0\u00bb#2a504d\u00a0\u00bb outline_custom_hover_text=\u00a0\u00bb#ffffff\u00a0\u00bb shape=\u00a0\u00bbsquare\u00a0\u00bb size=\u00a0\u00bbsm\u00a0\u00bb align=\u00a0\u00bbleft\u00a0\u00bb][\/vc_column][vc_column width=\u00a0\u00bb1\/2&Prime;][vc_column_text]Yoga &amp; Co est aussi un espace bien-\u00eatre\u00a0qui vous propose tout au long de la semaine des\u00a0soins. Pour toute question ou pour r\u00e9server un soin,\u00a0 contactez Nad\u00e8ge au 06 45 44 66 81 ou &hellip; NOS SOINS Lire la suite\u00a0\u00bb","og_url":"https:\/\/yogaandco.fr\/site\/nos-soins\/","og_site_name":"Yoga &amp; co","article_modified_time":"2024-11-14T10:57:40+00:00","og_image":[{"url":"http:\/\/yogaandco.fr\/site\/wp-content\/uploads\/2021\/05\/4-300x300.png"}],"twitter_misc":{"Dur\u00e9e de lecture est.":"5 minutes"},"schema":{"@context":"https:\/\/schema.org","@graph":[{"@type":"WebSite","@id":"https:\/\/yogaandco.fr\/site\/#website","url":"https:\/\/yogaandco.fr\/site\/","name":"Yoga &amp; co","description":"Yoga pour tous","potentialAction":[{"@type":"SearchAction","target":{"@type":"EntryPoint","urlTemplate":"https:\/\/yogaandco.fr\/site\/?s={search_term_string}"},"query-input":"required name=search_term_string"}],"inLanguage":"fr-FR"},{"@type":"ImageObject","@id":"https:\/\/yogaandco.fr\/site\/nos-soins\/#primaryimage","inLanguage":"fr-FR","url":"http:\/\/yogaandco.fr\/site\/wp-content\/uploads\/2021\/05\/4-300x300.png","contentUrl":"http:\/\/yogaandco.fr\/site\/wp-content\/uploads\/2021\/05\/4-300x300.png"},{"@type":"WebPage","@id":"https:\/\/yogaandco.fr\/site\/nos-soins\/#webpage","url":"https:\/\/yogaandco.fr\/site\/nos-soins\/","name":"NOS SOINS - Yoga &amp; co","isPartOf":{"@id":"https:\/\/yogaandco.fr\/site\/#website"},"primaryImageOfPage":{"@id":"https:\/\/yogaandco.fr\/site\/nos-soins\/#primaryimage"},"datePublished":"2021-06-12T18:55:41+00:00","dateModified":"2024-11-14T10:57:40+00:00","breadcrumb":{"@id":"https:\/\/yogaandco.fr\/site\/nos-soins\/#breadcrumb"},"inLanguage":"fr-FR","potentialAction":[{"@type":"ReadAction","target":["https:\/\/yogaandco.fr\/site\/nos-soins\/"]}]},{"@type":"BreadcrumbList","@id":"https:\/\/yogaandco.fr\/site\/nos-soins\/#breadcrumb","itemListElement":[{"@type":"ListItem","position":1,"name":"Accueil","item":"https:\/\/yogaandco.fr\/site\/"},{"@type":"ListItem","position":2,"name":"NOS SOINS"}]}]}},"_links":{"self":[{"href":"https:\/\/yogaandco.fr\/site\/wp-json\/wp\/v2\/pages\/9405"}],"collection":[{"href":"https:\/\/yogaandco.fr\/site\/wp-json\/wp\/v2\/pages"}],"about":[{"href":"https:\/\/yogaandco.fr\/site\/wp-json\/wp\/v2\/types\/page"}],"author":[{"embeddable":true,"href":"https:\/\/yogaandco.fr\/site\/wp-json\/wp\/v2\/users\/2"}],"replies":[{"embeddable":true,"href":"https:\/\/yogaandco.fr\/site\/wp-json\/wp\/v2\/comments?post=9405"}],"version-history":[{"count":75,"href":"https:\/\/yogaandco.fr\/site\/wp-json\/wp\/v2\/pages\/9405\/revisions"}],"predecessor-version":[{"id":12779,"href":"https:\/\/yogaandco.fr\/site\/wp-json\/wp\/v2\/pages\/9405\/revisions\/12779"}],"wp:attachment":[{"href":"https:\/\/yogaandco.fr\/site\/wp-json\/wp\/v2\/media?parent=9405"}],"curies":[{"name":"wp","href":"https:\/\/api.w.org\/{rel}","templated":true}]}}