{"id":9409,"date":"2021-06-12T19:56:54","date_gmt":"2021-06-12T18:56:54","guid":{"rendered":"http:\/\/yogaandco.fr\/site\/1619974057036\/?page_id=9409"},"modified":"2023-02-14T14:55:56","modified_gmt":"2023-02-14T13:55:56","slug":"nos-espaces","status":"publish","type":"page","link":"https:\/\/yogaandco.fr\/site\/nos-espaces\/","title":{"rendered":"NOS ESPACES"},"content":{"rendered":"<p>[vc_row css=\u00a0\u00bb.vc_custom_1626423252493{margin-top: 50px !important;margin-bottom: 50px !important;}\u00a0\u00bb][vc_column width=\u00a0\u00bb1\/2&Prime;][vc_column_text]<\/p>\n<h1>NOS ESPACES<\/h1>\n<p>[\/vc_column_text][\/vc_column][vc_column width=\u00a0\u00bb1\/2&Prime;][vc_column_text]Yoga &amp; Co est un v\u00e9ritable espace holistique et pluridisciplinaire qui s&rsquo;\u00e9tend sur 200m2 de plain-pied au bord du bassin de la Villette.\u00a0 Dans cet espace, toutes nos disciplines coexistent en harmonie et cr\u00e9ent un espace de bien-\u00eatre complet.<\/p>\n<p><span style=\"font-weight: 400;\">Nos espaces sont a\u00e9r\u00e9s <\/span><span style=\"font-weight: 400;\">entre chaque cours pour le confort de chacun. Ils sont d\u00e9di\u00e9s \u00e0 une seule activit\u00e9 \u00e0 la fois<\/span>.[\/vc_column_text][\/vc_column][\/vc_row][vc_row][vc_column][vc_column_text]<center><iframe width='853' height='480' src='https:\/\/my.matterport.com\/show\/?m=NvBD374L5Ed' frameborder='0' allowfullscreen allow='xr-spatial-tracking'><\/iframe><\/center>[\/vc_column_text][\/vc_column][\/vc_row][vc_row equal_height=\u00a0\u00bbyes\u00a0\u00bb content_placement=\u00a0\u00bbmiddle\u00a0\u00bb][vc_column width=\u00a0\u00bb1\/5&Prime;][vc_column_text]<\/p>\n<h3 style=\"text-align: left;\">Une ambiance conviviale<\/h3>\n<p style=\"text-align: left;\">Des salles calmes et lumineuses au bord du Bassin de la Villette, sur 200 m\u00b2 de plain-pied accessibles \u00e0 tous. Un v\u00e9ritable havre de paix o\u00f9 vous ressourcer loin du tumulte quotidien.<\/p>\n<p>[\/vc_column_text][\/vc_column][vc_column width=\u00a0\u00bb2\/5&Prime;][vc_single_image image=\u00a0\u00bb10659&Prime; img_size=\u00a0\u00bblarge\u00a0\u00bb alignment=\u00a0\u00bbcenter\u00a0\u00bb][\/vc_column][vc_column width=\u00a0\u00bb2\/5&Prime;][vc_single_image image=\u00a0\u00bb10952&Prime; img_size=\u00a0\u00bbfull\u00a0\u00bb][\/vc_column][\/vc_row][vc_row gap=\u00a0\u00bb30&Prime; equal_height=\u00a0\u00bbyes\u00a0\u00bb content_placement=\u00a0\u00bbmiddle\u00a0\u00bb][vc_column width=\u00a0\u00bb3\/5&Prime;][vc_single_image image=\u00a0\u00bb10040&Prime; img_size=\u00a0\u00bbfull\u00a0\u00bb][\/vc_column][vc_column width=\u00a0\u00bb2\/5&Prime;][vc_column_text]<\/p>\n<h3 style=\"text-align: left;\">Deux salles de pratique spacieuses<\/h3>\n<p style=\"text-align: left;\">Yoga &amp; Co, c&rsquo;est des cours 7 jours sur 7, pour tous les niveaux.<br \/>\nPour le bien-\u00eatre de nos \u00e9l\u00e8ves, nous avons con\u00e7u nos salles de pratique \u00e0 notre image, chaleureuse et conviviale.<\/p>\n<p><span style=\"font-weight: 400;\">Nos salles sont\u00a0 nettoy\u00e9es chaque jour et a\u00e9r\u00e9es <\/span><span style=\"font-weight: 400;\">entre chaque cours pour le confort de chacun. Elles sont d\u00e9di\u00e9es \u00e0 la seule pratique d&rsquo;activit\u00e9s de bien-\u00eatre.<\/span>[\/vc_column_text][\/vc_column][\/vc_row][vc_row equal_height=\u00a0\u00bbyes\u00a0\u00bb content_placement=\u00a0\u00bbmiddle\u00a0\u00bb][vc_column width=\u00a0\u00bb1\/2&Prime;][\/vc_column][vc_column width=\u00a0\u00bb1\/2&Prime;][vc_single_image image=\u00a0\u00bb10043&Prime; img_size=\u00a0\u00bbfull\u00a0\u00bb alignment=\u00a0\u00bbcenter\u00a0\u00bb][\/vc_column][\/vc_row][vc_row equal_height=\u00a0\u00bbyes\u00a0\u00bb content_placement=\u00a0\u00bbmiddle\u00a0\u00bb][vc_column width=\u00a0\u00bb3\/5&Prime;][vc_single_image image=\u00a0\u00bb9793&Prime; img_size=\u00a0\u00bblarge\u00a0\u00bb alignment=\u00a0\u00bbcenter\u00a0\u00bb css=\u00a0\u00bb.vc_custom_1676049975502{margin-top: -50px !important;}\u00a0\u00bb][\/vc_column][vc_column width=\u00a0\u00bb2\/5&Prime;][vc_column_text]<\/p>\n<h3 style=\"text-align: left;\">Un espace soin intimiste<\/h3>\n<p style=\"text-align: left;\">Nos intervenants experts vous proposent des soins et consultations personnalis\u00e9s dans notre petite salle \u00e9quip\u00e9e r\u00e9serv\u00e9e \u00e0 cet effet.<\/p>\n<p>[\/vc_column_text][\/vc_column][\/vc_row]<\/p>\n","protected":false},"excerpt":{"rendered":"<p>[vc_row css=\u00a0\u00bb.vc_custom_1626423252493{margin-top: 50px !important;margin-bottom: 50px !important;}\u00a0\u00bb][vc_column width=\u00a0\u00bb1\/2&Prime;][vc_column_text] NOS ESPACES [\/vc_column_text][\/vc_column][vc_column width=\u00a0\u00bb1\/2&Prime;][vc_column_text]Yoga &amp; Co est un v\u00e9ritable espace holistique et pluridisciplinaire qui s&rsquo;\u00e9tend sur 200m2 de plain-pied au bord du bassin de la Villette.\u00a0 Dans cet espace, toutes nos disciplines coexistent en harmonie et cr\u00e9ent un espace de bien-\u00eatre complet. Nos espaces sont a\u00e9r\u00e9s entre chaque &hellip;<\/p>\n<p class=\"read-more\"> <a class=\"\" href=\"https:\/\/yogaandco.fr\/site\/nos-espaces\/\"> <span class=\"screen-reader-text\">NOS ESPACES<\/span> Lire la suite\u00a0\u00bb<\/a><\/p>\n","protected":false},"author":2,"featured_media":0,"parent":0,"menu_order":0,"comment_status":"closed","ping_status":"closed","template":"","meta":{"_monsterinsights_skip_tracking":false,"_monsterinsights_sitenote_active":false,"_monsterinsights_sitenote_note":"","_monsterinsights_sitenote_category":0,"footnotes":""},"class_list":["post-9409","page","type-page","status-publish","hentry"],"yoast_head":"<!-- This site is optimized with the Yoast SEO plugin v16.8 - https:\/\/yoast.com\/wordpress\/plugins\/seo\/ -->\n<title>NOS ESPACES - Yoga &amp; co<\/title>\n<meta name=\"robots\" content=\"index, follow, max-snippet:-1, max-image-preview:large, max-video-preview:-1\" \/>\n<link rel=\"canonical\" href=\"https:\/\/yogaandco.fr\/site\/nos-espaces\/\" \/>\n<meta property=\"og:locale\" content=\"fr_FR\" \/>\n<meta property=\"og:type\" content=\"article\" \/>\n<meta property=\"og:title\" content=\"NOS ESPACES - Yoga &amp; co\" \/>\n<meta property=\"og:description\" content=\"[vc_row css=\u00a0\u00bb.vc_custom_1626423252493{margin-top: 50px !important;margin-bottom: 50px !important;}\u00a0\u00bb][vc_column width=\u00a0\u00bb1\/2&Prime;][vc_column_text] NOS ESPACES [\/vc_column_text][\/vc_column][vc_column width=\u00a0\u00bb1\/2&Prime;][vc_column_text]Yoga &amp; Co est un v\u00e9ritable espace holistique et pluridisciplinaire qui s&rsquo;\u00e9tend sur 200m2 de plain-pied au bord du bassin de la Villette.\u00a0 Dans cet espace, toutes nos disciplines coexistent en harmonie et cr\u00e9ent un espace de bien-\u00eatre complet. Nos espaces sont a\u00e9r\u00e9s entre chaque &hellip; NOS ESPACES Lire la suite\u00a0\u00bb\" \/>\n<meta property=\"og:url\" content=\"https:\/\/yogaandco.fr\/site\/nos-espaces\/\" \/>\n<meta property=\"og:site_name\" content=\"Yoga &amp; co\" \/>\n<meta property=\"article:modified_time\" content=\"2023-02-14T13:55:56+00:00\" \/>\n<meta name=\"twitter:label1\" content=\"Dur\u00e9e de lecture est.\" \/>\n\t<meta name=\"twitter:data1\" content=\"2 minutes\" \/>\n<script type=\"application\/ld+json\" class=\"yoast-schema-graph\">{\"@context\":\"https:\/\/schema.org\",\"@graph\":[{\"@type\":\"WebSite\",\"@id\":\"https:\/\/yogaandco.fr\/site\/#website\",\"url\":\"https:\/\/yogaandco.fr\/site\/\",\"name\":\"Yoga &amp; co\",\"description\":\"Yoga pour tous\",\"potentialAction\":[{\"@type\":\"SearchAction\",\"target\":{\"@type\":\"EntryPoint\",\"urlTemplate\":\"https:\/\/yogaandco.fr\/site\/?s={search_term_string}\"},\"query-input\":\"required name=search_term_string\"}],\"inLanguage\":\"fr-FR\"},{\"@type\":\"WebPage\",\"@id\":\"https:\/\/yogaandco.fr\/site\/nos-espaces\/#webpage\",\"url\":\"https:\/\/yogaandco.fr\/site\/nos-espaces\/\",\"name\":\"NOS ESPACES - Yoga &amp; co\",\"isPartOf\":{\"@id\":\"https:\/\/yogaandco.fr\/site\/#website\"},\"datePublished\":\"2021-06-12T18:56:54+00:00\",\"dateModified\":\"2023-02-14T13:55:56+00:00\",\"breadcrumb\":{\"@id\":\"https:\/\/yogaandco.fr\/site\/nos-espaces\/#breadcrumb\"},\"inLanguage\":\"fr-FR\",\"potentialAction\":[{\"@type\":\"ReadAction\",\"target\":[\"https:\/\/yogaandco.fr\/site\/nos-espaces\/\"]}]},{\"@type\":\"BreadcrumbList\",\"@id\":\"https:\/\/yogaandco.fr\/site\/nos-espaces\/#breadcrumb\",\"itemListElement\":[{\"@type\":\"ListItem\",\"position\":1,\"name\":\"Accueil\",\"item\":\"https:\/\/yogaandco.fr\/site\/\"},{\"@type\":\"ListItem\",\"position\":2,\"name\":\"NOS ESPACES\"}]}]}<\/script>\n<!-- \/ Yoast SEO plugin. -->","yoast_head_json":{"title":"NOS ESPACES - Yoga &amp; co","robots":{"index":"index","follow":"follow","max-snippet":"max-snippet:-1","max-image-preview":"max-image-preview:large","max-video-preview":"max-video-preview:-1"},"canonical":"https:\/\/yogaandco.fr\/site\/nos-espaces\/","og_locale":"fr_FR","og_type":"article","og_title":"NOS ESPACES - Yoga &amp; co","og_description":"[vc_row css=\u00a0\u00bb.vc_custom_1626423252493{margin-top: 50px !important;margin-bottom: 50px !important;}\u00a0\u00bb][vc_column width=\u00a0\u00bb1\/2&Prime;][vc_column_text] NOS ESPACES [\/vc_column_text][\/vc_column][vc_column width=\u00a0\u00bb1\/2&Prime;][vc_column_text]Yoga &amp; Co est un v\u00e9ritable espace holistique et pluridisciplinaire qui s&rsquo;\u00e9tend sur 200m2 de plain-pied au bord du bassin de la Villette.\u00a0 Dans cet espace, toutes nos disciplines coexistent en harmonie et cr\u00e9ent un espace de bien-\u00eatre complet. Nos espaces sont a\u00e9r\u00e9s entre chaque &hellip; NOS ESPACES Lire la suite\u00a0\u00bb","og_url":"https:\/\/yogaandco.fr\/site\/nos-espaces\/","og_site_name":"Yoga &amp; co","article_modified_time":"2023-02-14T13:55:56+00:00","twitter_misc":{"Dur\u00e9e de lecture est.":"2 minutes"},"schema":{"@context":"https:\/\/schema.org","@graph":[{"@type":"WebSite","@id":"https:\/\/yogaandco.fr\/site\/#website","url":"https:\/\/yogaandco.fr\/site\/","name":"Yoga &amp; co","description":"Yoga pour tous","potentialAction":[{"@type":"SearchAction","target":{"@type":"EntryPoint","urlTemplate":"https:\/\/yogaandco.fr\/site\/?s={search_term_string}"},"query-input":"required name=search_term_string"}],"inLanguage":"fr-FR"},{"@type":"WebPage","@id":"https:\/\/yogaandco.fr\/site\/nos-espaces\/#webpage","url":"https:\/\/yogaandco.fr\/site\/nos-espaces\/","name":"NOS ESPACES - Yoga &amp; co","isPartOf":{"@id":"https:\/\/yogaandco.fr\/site\/#website"},"datePublished":"2021-06-12T18:56:54+00:00","dateModified":"2023-02-14T13:55:56+00:00","breadcrumb":{"@id":"https:\/\/yogaandco.fr\/site\/nos-espaces\/#breadcrumb"},"inLanguage":"fr-FR","potentialAction":[{"@type":"ReadAction","target":["https:\/\/yogaandco.fr\/site\/nos-espaces\/"]}]},{"@type":"BreadcrumbList","@id":"https:\/\/yogaandco.fr\/site\/nos-espaces\/#breadcrumb","itemListElement":[{"@type":"ListItem","position":1,"name":"Accueil","item":"https:\/\/yogaandco.fr\/site\/"},{"@type":"ListItem","position":2,"name":"NOS ESPACES"}]}]}},"_links":{"self":[{"href":"https:\/\/yogaandco.fr\/site\/wp-json\/wp\/v2\/pages\/9409"}],"collection":[{"href":"https:\/\/yogaandco.fr\/site\/wp-json\/wp\/v2\/pages"}],"about":[{"href":"https:\/\/yogaandco.fr\/site\/wp-json\/wp\/v2\/types\/page"}],"author":[{"embeddable":true,"href":"https:\/\/yogaandco.fr\/site\/wp-json\/wp\/v2\/users\/2"}],"replies":[{"embeddable":true,"href":"https:\/\/yogaandco.fr\/site\/wp-json\/wp\/v2\/comments?post=9409"}],"version-history":[{"count":30,"href":"https:\/\/yogaandco.fr\/site\/wp-json\/wp\/v2\/pages\/9409\/revisions"}],"predecessor-version":[{"id":11703,"href":"https:\/\/yogaandco.fr\/site\/wp-json\/wp\/v2\/pages\/9409\/revisions\/11703"}],"wp:attachment":[{"href":"https:\/\/yogaandco.fr\/site\/wp-json\/wp\/v2\/media?parent=9409"}],"curies":[{"name":"wp","href":"https:\/\/api.w.org\/{rel}","templated":true}]}}